{"id":2196,"date":"2013-09-23T21:39:04","date_gmt":"2013-09-23T20:39:04","guid":{"rendered":"http:\/\/www.internatura.org\/blog\/?page_id=2196"},"modified":"2020-07-03T21:46:12","modified_gmt":"2020-07-03T21:46:12","slug":"informacio-de-suport","status":"publish","type":"page","link":"https:\/\/internatura.org\/blog\/?page_id=2196","title":{"rendered":"Informaci\u00f3 de suport"},"content":{"rendered":"<p style=\"text-align: justify;\">Aquesta secci\u00f3 pret\u00e9n aportar informaci\u00f3 de suport per als usuaris del nostre blog. En cap moment hem pret\u00e8s fer nostra la informaci\u00f3 aportada sin\u00f3 que sigui un punt m\u00e9s de difusi\u00f3 i consulta d&#8217;aspectes interessants del Medi Natural.<\/p>\n<h2 style=\"text-align: justify;\"><a href=\"http:\/\/biodiversity.europa.eu\/\">Sistema d&#8217;Informaci\u00f3 sobre Biodiversitat per a Europa<\/a><\/h2>\n<h3 style=\"text-align: justify;\"><a href=\"http:\/\/www.eea.europa.eu\/\">Ag\u00e8ncia Europea de Medi Ambient<\/a><\/h3>\n<p><a href=\"http:\/\/www.cbd.int\/chm\/\">Conveni sobre la Diversitat Biol\u00f2gica<\/a><\/p>\n<p><a href=\"http:\/\/www.cbd.int\/2011-2020\/\">Decenni de les Nacions Unides sobre Biodiversitat\u00a0<\/a><\/p>\n<p><a href=\"http:\/\/www.iucnredlist.org\/\">La Llista Roja de l&#8217; UICN<\/a><\/p>\n<h4 style=\"text-align: justify;\"><a accesskey=\"0\" style=\"font-size: 1.8em;\" title=\"Ministerio de Agricultura, Alimentaci\u00f3n y Medio Ambiente 2013 \" href=\"http:\/\/www.magrama.gob.es\/es\/\">Ministeri d&#8217; Agricultura, Alimentaci\u00f3 i Medi Ambient<\/a><\/h4>\n<p><strong><a href=\"http:\/\/www.magrama.gob.es\/es\/estadistica\/temas\/publicaciones\/anuario-de-estadistica\/\">Anuari estad\u00edstic<\/a><\/strong><\/p>\n<p><strong><a href=\"http:\/\/www.magrama.gob.es\/es\/areas-de-actividad\/default.aspx\">\u00c0rees d&#8217;activitat<\/a><\/strong><\/p>\n<p><strong><a href=\"http:\/\/www.magrama.gob.es\/es\/biodiversidad\/temas\/default.aspx\">Biodiversitat<\/a><\/strong><\/p>\n<p><a href=\"http:\/\/www.gbif.es\/MasDatos.php\">http:\/\/www.gbif.es\/MasDatos.php<\/a><\/p>\n<p><strong><a href=\"http:\/\/www.magrama.gob.es\/es\/biodiversidad\/temas\/conservacion-de-especies-amenazadas\/vertebrados\/default.aspx\">Vertebrats<\/a><\/strong><\/p>\n<p><a href=\"http:\/\/www.magrama.gob.es\/es\/biodiversidad\/temas\/inventarios-nacionales\/inventario-especies-terrestres\/default.aspx\">Inventario Espa\u00f1ol de Especies Terrestres<\/a><\/p>\n<p><strong><a href=\"http:\/\/www.magrama.gob.es\/es\/biodiversidad\/temas\/conservacion-de-especies-amenazadas\/invertebrados\/default.aspx\">Invertebrats<\/a><\/strong><\/p>\n<p><strong><a href=\"http:\/\/sig.magrama.es\/siga\/\">\u00a0Visor<\/a>s\u00a0<\/strong><\/p>\n<ul>\n<li><a title=\"[Este v\u00ednculo se abrir\u00e1 en nueva ventana]\" href=\"http:\/\/sig.magrama.es\/geoportal\/\" target=\"_blank\" rel=\"noopener nuevaventana noreferrer\">GeoPortal del Ministerio de Agricultura, Alimentaci\u00f3n y Medio Ambiente<\/a><\/li>\n<li><a title=\"[Este v\u00ednculo se abrir\u00e1 en nueva ventana]\" href=\"http:\/\/sig.magrama.es\/guia-playas\" target=\"_blank\" rel=\"noopener nuevaventana noreferrer\">Visor Gu\u00eda de Playas<\/a><\/li>\n<li><a title=\"[Este v\u00ednculo se abrir\u00e1 en nueva ventana]\" href=\"http:\/\/sig.magrama.es\/siga\" target=\"_blank\" rel=\"noopener nuevaventana noreferrer\">SIGA-Sistema de Informaci\u00f3n Geogr\u00e1fica de Datos Agrarios<\/a><\/li>\n<li><a title=\"[Este v\u00ednculo se abrir\u00e1 en nueva ventana]\" href=\"http:\/\/sig.magrama.es\/aforos\" target=\"_blank\" rel=\"noopener nuevaventana noreferrer\">Sistema de Informaci\u00f3n del Anuario de Aforos<\/a><\/li>\n<li><a title=\"[Este v\u00ednculo se abrir\u00e1 en nueva ventana]\" href=\"http:\/\/sig.magrama.es\/snczi\/\" target=\"_blank\" rel=\"noopener nuevaventana noreferrer\">SNCZI &#8211; Inventario de presas y embalses<\/a><\/li>\n<li><a title=\"[Este v\u00ednculo se abrir\u00e1 en nueva ventana]\" href=\"http:\/\/sig.magrama.es\/dpmt\" target=\"_blank\" rel=\"noopener nuevaventana noreferrer\">Visor del DPMT<\/a><\/li>\n<li><a title=\"[Este v\u00ednculo se abrir\u00e1 en nueva ventana]\" href=\"http:\/\/sig.magrama.es\/bdn\" target=\"_blank\" rel=\"noopener nuevaventana noreferrer\">Visor del BDN<\/a><\/li>\n<li><a id=\"link-7\" lang=\"es\" href=\"http:\/\/sigpac.magrama.es\/fega\/h5visor\/\" target=\"_blank\" rel=\"noopener noreferrer\" data-bk=\"5100.1\"><strong>Visor<\/strong>\u00a0<strong id=\"yui_3_10_0_1_1379973758673_441\">SigPac<\/strong><\/a><\/li>\n<li><a id=\"link-1\" href=\"https:\/\/maps.google.com\/\" target=\"_blank\" rel=\"noopener noreferrer\" data-bk=\"5043.1\"><strong id=\"yui_3_10_0_1_1379973979535_410\">Google Maps<\/strong><\/a><\/li>\n<\/ul>\n<p><a style=\"font-size: 1.8em;\" href=\"http:\/\/www.cma.gva.es\/web\/\">Conseller\u00eda d&#8217;Infraestructures, Territori i Medi Ambient.<\/a><\/p>\n<p><strong><a href=\"http:\/\/www.cma.gva.es\/web\/indice.aspx?nodo=2240&amp;idioma=C\">Biodiversitat<\/a><\/strong><\/p>\n<ul>\n<li><a href=\"http:\/\/cma.gva.es\/web\/indice.aspx?nodo=2240&amp;idioma=C\">Servicio de Conservaci\u00f3n de la Biodiversidad (Conselleria de Territorio y Vivienda de la Generalitat Valenciana)<\/a><\/li>\n<\/ul>\n<p><strong style=\"font-size: 16px;\"><a href=\"http:\/\/bdb.cma.gva.es\/web\/acciones.aspx?url=http:\/\/bdb.cma.gva.es\/arbol.htm&amp;logo=http:\/\/bdb.cma.gva.es\/bdb.jpg&amp;an=http:\/\/bdb.cma.gva.es\/bdb2.jpg&amp;gana=UA-16710898-11\/\">\u00a0Banc de dades de Biodiversitat<\/a><\/strong><\/p>\n<p><strong><a href=\"http:\/\/cartoweb.cma.gva.es\/visor\/index.html?modo=web&amp;temas=Web_Biodiversidad&amp;capas=reservas_fauna\">Visor biodiversitat<\/a><\/strong><\/p>\n<p><strong><a href=\"http:\/\/www.citma.gva.es\/web\/biodiversidad\/revista-biodiversitat\">Revista BIOdiversitat<\/a><\/strong> (Conseller\u00eda de Medi Ambient. Generalitat Valenciana)<\/p>\n<p><strong>MEM\u00d2RIES DE LA FISCALIA GENERAL DE L&#8217;ESTAT. <\/strong><\/p>\n<p>Fiscal especialista: Medi Ambient. Memories:<\/p>\n<ul>\n<li><a href=\"http:\/\/www.fiscal.es\/cs\/Satellite?c=Page&amp;cid=1242052134611&amp;language=es&amp;pagename=PFiscal%2FPage%2FFGE_memorias&amp;selAnio=2011\" target=\"_blank\" rel=\"noopener noreferrer\">Memoria 2011<\/a><\/li>\n<li><a href=\"http:\/\/www.fiscal.es\/cs\/Satellite?c=Page&amp;cid=1242052134611&amp;language=es&amp;pagename=PFiscal%2FPage%2FFGE_memorias&amp;selAnio=2010\" target=\"_blank\" rel=\"noopener noreferrer\">Memoria 2010<\/a><\/li>\n<li><a href=\"http:\/\/www.fiscal.es\/cs\/Satellite?c=Page&amp;cid=1242052134611&amp;language=es&amp;pagename=PFiscal%2FPage%2FFGE_memorias&amp;selAnio=2009\" target=\"_blank\" rel=\"noopener noreferrer\">Memoria 2009<\/a><\/li>\n<li><a href=\"http:\/\/www.fiscal.es\/cs\/Satellite?c=Page&amp;cid=1242052134611&amp;language=es&amp;pagename=PFiscal%2FPage%2FFGE_memorias&amp;selAnio=2008\" target=\"_blank\" rel=\"noopener noreferrer\">Memoria 2008<\/a><\/li>\n<li><a href=\"http:\/\/www.fiscal.es\/cs\/Satellite?c=Page&amp;cid=1242052134611&amp;language=es&amp;pagename=PFiscal%2FPage%2FFGE_memorias&amp;selAnio=2007\" target=\"_blank\" rel=\"noopener noreferrer\">Memoria 2007<\/a><\/li>\n<\/ul>\n<p>Conclusions de les reunions de la Xarxa de Fiscals de Medi Ambient:<\/p>\n<ul>\n<li><a title=\"CONCLUSIONES I REUNION RED DE FISCALES DE MEDIO AMBIENTE\" href=\"http:\/\/www.fiscal.es\/cs\/Satellite?blobcol=urldata&amp;blobheader=application%2Fpdf&amp;blobheadername1=Content-disposition&amp;blobheadervalue1=attachment%3B+filename%3DCONCLUSIONES+I+REUNION+RED+DE+FISCALES.pdf&amp;blobkey=id&amp;blobtable=MungoBlobs&amp;blobwhere=1246969108765&amp;ssbinary=true\" target=\"_blank\" rel=\"noopener noreferrer\">CONCLUSIONES I REUNION RED DE FISCALES DE MEDIO AMBIENTE (2007)<\/a><\/li>\n<li><a title=\"CONCLUSIONES III REUNION RED DE FISCALES DE MEDIO AMBIENTE\" href=\"http:\/\/www.fiscal.es\/cs\/Satellite?blobcol=urldata&amp;blobheader=application%2Fpdf&amp;blobheadername1=Content-disposition&amp;blobheadervalue1=attachment%3B+filename%3DCONCLUSIONES+III+REUNION+RED+FISCALES+MEDIOAMBIENTE.pdf&amp;blobkey=id&amp;blobtable=MungoBlobs&amp;blobwhere=1246969206833&amp;ssbinary=true\" target=\"_blank\" rel=\"noopener noreferrer\">CONCLUSIONES II REUNION RED DE FISCALES DE MEDIO AMBIENTE(2008)<\/a><\/li>\n<li><a title=\"CONCLUSIONES III REUNION RED DE FISCALES DE MEDIO AMBIENTE\" href=\"http:\/\/www.fiscal.es\/cs\/Satellite?blobcol=urldata&amp;blobheader=application%2Fpdf&amp;blobheadername1=Content-disposition&amp;blobheadervalue1=attachment%3B+filename%3DCONCLUSIONES+III+REUNION+RED+FISCALES+MEDIOAMBIENTE.pdf&amp;blobkey=id&amp;blobtable=MungoBlobs&amp;blobwhere=1246969206833&amp;ssbinary=true\" target=\"_blank\" rel=\"noopener noreferrer\">CONCLUSIONES III REUNION RED DE FISCALES DE MEDIO AMBIENTE(2009)<\/a><\/li>\n<li><a title=\"CONCLUSIONES V REUNION RED DE FISCALES DE MEDIOAMBIENTE\" href=\"http:\/\/www.fiscal.es\/cs\/Satellite?blobcol=urldata&amp;blobheader=application%2Fpdf&amp;blobheadername1=Content-disposition&amp;blobheadervalue1=attachment%3B+filename%3DCONCLUSIONES+V+REUNION+RED+FISCALES.pdf&amp;blobkey=id&amp;blobtable=MungoBlobs&amp;blobwhere=1246969413745&amp;ssbinary=true\" target=\"_blank\" rel=\"noopener noreferrer\">Conclusiones IV Reun\u00f3n de la Red de Fiscales de Medio Ambiente(2010)<\/a><\/li>\n<li><a title=\"CONCLUSIONES V REUNION RED DE FISCALES DE MEDIOAMBIENTE\" href=\"http:\/\/www.fiscal.es\/cs\/Satellite?blobcol=urldata&amp;blobheader=application%2Fpdf&amp;blobheadername1=Content-disposition&amp;blobheadervalue1=attachment%3B+filename%3DCONCLUSIONES+V+REUNION+RED+FISCALES.pdf&amp;blobkey=id&amp;blobtable=MungoBlobs&amp;blobwhere=1246969413745&amp;ssbinary=true\" target=\"_blank\" rel=\"noopener noreferrer\">CONCLUSIONES V REUNION RED DE FISCALES DE MEDIOAMBIENTE (2011)<\/a><\/li>\n<\/ul>\n<h4>MEM\u00d2RIES DEL DEFENSOR DEL PUEBLO.<\/h4>\n<ul>\n<li><a href=\"http:\/\/www.defensordelpueblo.es\/es\/Documentacion\/Publicaciones\/anual\/Documentos\/Informe_2011.pdf\">Informe a las Cortes Generales 2011<\/a>.<\/li>\n<\/ul>\n<ul>\n<li><\/li>\n<\/ul>\n","protected":false},"excerpt":{"rendered":"<p>Aquesta secci\u00f3 pret\u00e9n aportar informaci\u00f3 de suport per als usuaris del nostre blog. En cap moment hem pret\u00e8s fer nostra la informaci\u00f3 aportada sin\u00f3 que sigui un punt m\u00e9s de difusi\u00f3 i consulta d&#8217;aspectes interessants del Medi Natural. Sistema d&#8217;Informaci\u00f3 sobre Biodiversitat per a Europa Ag\u00e8ncia Europea de Medi Ambient \u2026 <a class=\"continue-reading-link\" href=\"https:\/\/internatura.org\/blog\/?page_id=2196\"> Continuar leyendo <span class=\"meta-nav\">&rarr; <\/span><\/a><\/p>\n","protected":false},"author":1,"featured_media":0,"parent":0,"menu_order":0,"comment_status":"closed","ping_status":"closed","template":"","meta":[],"_links":{"self":[{"href":"https:\/\/internatura.org\/blog\/index.php?rest_route=\/wp\/v2\/pages\/2196"}],"collection":[{"href":"https:\/\/internatura.org\/blog\/index.php?rest_route=\/wp\/v2\/pages"}],"about":[{"href":"https:\/\/internatura.org\/blog\/index.php?rest_route=\/wp\/v2\/types\/page"}],"author":[{"embeddable":true,"href":"https:\/\/internatura.org\/blog\/index.php?rest_route=\/wp\/v2\/users\/1"}],"replies":[{"embeddable":true,"href":"https:\/\/internatura.org\/blog\/index.php?rest_route=%2Fwp%2Fv2%2Fcomments&post=2196"}],"version-history":[{"count":21,"href":"https:\/\/internatura.org\/blog\/index.php?rest_route=\/wp\/v2\/pages\/2196\/revisions"}],"predecessor-version":[{"id":6892,"href":"https:\/\/internatura.org\/blog\/index.php?rest_route=\/wp\/v2\/pages\/2196\/revisions\/6892"}],"wp:attachment":[{"href":"https:\/\/internatura.org\/blog\/index.php?rest_route=%2Fwp%2Fv2%2Fmedia&parent=2196"}],"curies":[{"name":"wp","href":"https:\/\/api.w.org\/{rel}","templated":true}]}}