{"id":3574,"date":"2014-12-27T12:36:43","date_gmt":"2014-12-27T12:36:43","guid":{"rendered":"http:\/\/www.internatura.org\/blog\/?page_id=3574"},"modified":"2017-02-08T07:31:16","modified_gmt":"2017-02-08T07:31:16","slug":"censos-i-resultats","status":"publish","type":"page","link":"https:\/\/internatura.org\/blog\/?page_id=3574","title":{"rendered":"Censos \/ Informes"},"content":{"rendered":"<p style=\"text-align: justify;\"><a href=\"http:\/\/www.internatura.org\/blog\/wp-content\/uploads\/2014\/12\/Barraques-7-01-2014-DSCN715.jpg\" rel=\"lightbox\" data-rel=\"lightbox-image-0\" data-rl_title=\"\" data-rl_caption=\"\" title=\"\"><img decoding=\"async\" loading=\"lazy\" class=\"alignleft size-thumbnail wp-image-3564\" src=\"http:\/\/www.internatura.org\/blog\/wp-content\/uploads\/2014\/12\/Barraques-7-01-2014-DSCN715-150x150.jpg\" alt=\"Barraques-7-01-2014-DSCN715\" width=\"150\" height=\"150\" \/><\/a>E<span class=\"hps\">n<\/span> <span class=\"hps\">aquesta<\/span> <span class=\"hps\">secci\u00f3<\/span> <span class=\"hps\">anem a<\/span> <span class=\"hps\">col\u00b7locar els<\/span> <span class=\"hps\">resultats dels<\/span> <span class=\"hps\">diferents<\/span> <span class=\"hps\">censos que<\/span> <span class=\"hps\">el<\/span> <span class=\"hps\">GER<\/span><span class=\"atn\">&#8211;<\/span>EA <span class=\"hps\">realitza de<\/span> <span class=\"hps\">forma<\/span> <span class=\"hps\">individual aix\u00ed com<\/span> <span class=\"hps\">en col\u00b7laboraci\u00f3<\/span> <span class=\"hps\">amb<\/span> <span class=\"hps\">altres<\/span> <span class=\"hps\">naturalistes<\/span>, grups <span class=\"hps\">ecologistes<\/span> <span class=\"hps\">i<\/span> <span class=\"hps\">entitats<\/span> <span class=\"hps\">cient\u00edfiques<\/span> <span class=\"hps\">en el camp de<\/span> <span class=\"hps\">la conservaci\u00f3 de la<\/span> <span class=\"hps\">flora<\/span> <span class=\"hps\">i<\/span> <span class=\"hps\">fauna<\/span> <span class=\"hps\">del nostre<\/span> <span class=\"hps\">territori<\/span>.<\/p>\n<p style=\"text-align: justify;\"><span class=\"hps\">Aleshores,<\/span>\u00a0<span class=\"hps\">aquest<\/span> <span class=\"hps\">apartat<\/span> <strong><span class=\"hps\">s&#8217;obre a<\/span> <span class=\"hps\">la col\u00b7laboraci\u00f3 de totes<\/span> <span class=\"hps\">les<\/span> <span class=\"hps\">persones<\/span> <span class=\"hps\">i<\/span> <span class=\"hps\">entitats<\/span> <\/strong><span class=\"hps\">que<\/span> <span class=\"hps\">estiguen<\/span> <span class=\"hps\">interessades en el<\/span> <span class=\"hps\">camp<\/span> <span class=\"hps\">de la conservaci\u00f3<\/span>, recuperaci\u00f3 <span class=\"hps\">i<\/span> <span class=\"hps\">restauraci\u00f3<\/span>\u00a0<span class=\"hps\">del medi<\/span> <span class=\"hps\">natural<\/span>.\u00a0<span class=\"hps\">Els primers<\/span> <span class=\"hps\">censos<\/span> <span class=\"hps\">en qu\u00e8<\/span> anem<span class=\"hps\">\u00a0a<\/span> <span class=\"hps\">colocar<\/span> <span class=\"hps\">els<\/span> <span class=\"hps\">resultats<\/span> <span class=\"hps\">s\u00f3n<\/span>:<\/p>\n<p style=\"text-align: justify;\"><strong><span class=\"hps\">Censos<\/span> <span class=\"hps\">d&#8217;aus<\/span> <span class=\"hps\">rapinyaires<\/span> <span class=\"hps\">nidificants<\/span><\/strong>. <span class=\"hps\">Aquest<\/span> <span class=\"hps\">cens<\/span> <span class=\"hps\">consisteix<\/span> <span class=\"hps\">b\u00e0sicament<\/span> <span class=\"hps\">en la localitzaci\u00f3<\/span>, <span class=\"hps\">distribuci\u00f3<\/span> <span class=\"hps\">i<\/span> <span class=\"hps\">control<\/span> <span class=\"hps\">de la reproducci\u00f3<\/span> <span class=\"hps\">de<\/span> <span class=\"hps\">les<\/span> <span class=\"hps\">aus<\/span> <span class=\"hps\">rapinyaires<\/span> <span class=\"hps\">de<\/span> <span class=\"hps\">les<\/span> <span class=\"hps\">comarques de<\/span> <span class=\"hps\">Castell\u00f3<\/span>. <span class=\"hps\">El m\u00e0xim<\/span> <span class=\"hps\">esfor\u00e7<\/span> <span class=\"hps\">es<\/span> <span class=\"hps\">realitza<\/span> <span class=\"hps\">en el control<\/span> <span class=\"hps\">de<\/span> <span class=\"hps\">les<\/span> <span class=\"hps\">rapinyaires<\/span> <span class=\"hps\">di\u00fcrnes<\/span> <span class=\"hps\">rup\u00edcoles<\/span> <span class=\"hps\">i<\/span> <span class=\"hps\">dins d&#8217;aquestes<\/span> <span class=\"hps\">en el control<\/span> <span class=\"hps\">de l&#8217;\u00e0guila<\/span> <span class=\"hps\">reial<\/span>, l&#8217;\u00e0guila <span class=\"hps\">cuabarrada i<\/span>\u00a0l&#8217;<span class=\"hps\">aufrany<\/span>, <span class=\"hps\">sense<\/span> <span class=\"hps\">deixar les<\/span> <span class=\"hps\">altres<\/span> <span class=\"hps\">rapinyaires<\/span> <span class=\"hps\">com<\/span>\u00a0el\u00a0<span class=\"hps\">voltor<\/span> <span class=\"hps\">com\u00fa\u00a0i el<\/span>\u00a0<span class=\"hps\">falc\u00f3<\/span> <span class=\"hps\">pelegr\u00ed<\/span>, <span class=\"hps\">encara que el seu<\/span> <span class=\"hps\">control \u00e9s<\/span> <span class=\"hps\">menys<\/span> <span class=\"hps\">estricte<\/span>.\u00a0<span class=\"hps\">Tamb\u00e9 es realitzen<\/span> <span class=\"hps\">controls<\/span> <span class=\"hps\">en<\/span> <span class=\"hps\">rapinyaires<\/span> <span class=\"hps\">nidificants<\/span> <span class=\"hps\">a terra com<\/span> <span class=\"hps\">l&#8217;esparver cendr\u00f3s<\/span> <span class=\"hps\">i<\/span> <span class=\"hps\">l&#8217;arpella<\/span>.\u00a0<span class=\"hps\">Pel que fa a<\/span> <span class=\"hps\">les<\/span> <span class=\"hps\">rapinyaires<\/span> <span class=\"hps\">nocturnes<\/span>, <span class=\"hps\">el treball es centra<\/span> <span class=\"hps\">principalment en<\/span> <span class=\"hps\">les<\/span> <span class=\"hps\">poblacions<\/span> <span class=\"hps\">de Duc<\/span>. El<span class=\"hps\">s<\/span> <span class=\"hps\">controls<\/span> <span class=\"hps\">es realitzen<\/span> <span class=\"hps\">des del mes<\/span> <span class=\"hps\">de gener fins a<\/span> <span class=\"hps\">finals del mes<\/span> <span class=\"hps\">de juliol.<\/span><\/p>\n<p><strong><span class=\"hps\">Cens<\/span> <span class=\"hps\">d&#8217;aus<\/span> <span class=\"hps\">en la seva migraci\u00f3<\/span> <\/strong><span class=\"hps\"><strong>postnupcial<\/strong>,\u00a0<\/span><span class=\"hps\">que<\/span> <span class=\"hps\">es<\/span> <span class=\"hps\">realitza al costat de<\/span> <span class=\"hps\">persones<\/span> <span class=\"hps\">i<\/span> <span class=\"hps\">entitats<\/span> <span class=\"hps atn\">(<\/span>APNAL<span class=\"atn\">&#8211;<\/span>EA, <span class=\"hps\">Grup<\/span>\u00a0<span class=\"hps\">AU<\/span>, <span class=\"hps\">SVO<\/span>, <span class=\"hps\">SEO<\/span><span class=\"atn\">&#8211;<\/span>Alacant, <span class=\"hps\">etc.<\/span>) <span class=\"hps\">en tota<\/span> <span class=\"hps\">la<\/span> <span class=\"hps\">Comunitat<\/span> <span class=\"hps\">Valenciana.<\/span> <span class=\"hps\">El cens<\/span> <span class=\"hps\">va<\/span> <span class=\"hps\">des del 15<\/span> <span class=\"hps\">d&#8217;agost fins al<\/span> <span class=\"hps\">30 d&#8217;octubre.<\/span> <span class=\"hps\">El cens<\/span> <span class=\"hps\">consisteix<\/span> <span class=\"hps\">b\u00e0sicament en<\/span> <span class=\"hps\">la comptabilitzaci\u00f3<\/span> <span class=\"hps\">de les<\/span> <span class=\"hps\">esp\u00e8cies<\/span> <span class=\"hps\">observades<\/span> <span class=\"hps\">i<\/span> <span class=\"hps\">el nombre d&#8217;aus<\/span> <span class=\"hps\">detectades<\/span>. <span class=\"hps\">Durant tres<\/span> <span class=\"hps\">hores<\/span> <span class=\"hps\">i<\/span> <span class=\"hps\">normalment entre<\/span> <span class=\"hps\">les 10<\/span>:<span class=\"hps\">00<\/span>\u00a0<span class=\"hps\">i<\/span> <span class=\"hps\">13:00 h<\/span>. <span class=\"hps\">a l&#8217;estiu<\/span> <span class=\"hps\">i<\/span> <span class=\"hps\">des de les 11:00<\/span> <span class=\"hps\">a<\/span> <span class=\"hps\">les<\/span> <span class=\"hps\">14<\/span>: <span class=\"hps\">00h<\/span>. <span class=\"hps\">a la tardor<\/span>. <span class=\"hps\">El lloc que<\/span> <span class=\"hps\">el<\/span> <span class=\"hps\">GER<\/span><span class=\"atn\">&#8211;<\/span>EA <span class=\"hps\">t\u00e9<\/span> <span class=\"hps\">assignat<\/span> <span class=\"hps\">s&#8217;ubica<\/span> <span class=\"hps\">a la muntanya de<\/span> <span class=\"hps\">La Punta,<\/span> <span class=\"hps\">al terme<\/span> <span class=\"hps\">de la<\/span> <span class=\"hps atn\">Vall d&#8217;<\/span>Uix\u00f3.<a href=\"http:\/\/www.internatura.org\/blog\/wp-content\/uploads\/2014\/09\/Abejero-13-09-2014-IMG_7877.jpg\" rel=\"lightbox\" data-rel=\"lightbox-image-1\" data-rl_title=\"\" data-rl_caption=\"\" title=\"\"><img decoding=\"async\" loading=\"lazy\" class=\"size-thumbnail wp-image-3343 alignright\" src=\"http:\/\/www.internatura.org\/blog\/wp-content\/uploads\/2014\/09\/Abejero-13-09-2014-IMG_7877-150x150.jpg\" alt=\"Abejero-13-09-2014-IMG_7877\" width=\"150\" height=\"150\" \/><\/a><\/p>\n<p style=\"text-align: justify;\"><strong><span class=\"hps\">Cens<\/span> <span class=\"hps\">d&#8217;aus<\/span> <span class=\"hps\">rapinyaires<\/span> <span class=\"hps\">hivernants<\/span><\/strong>, <span class=\"hps\">centrat en<\/span> <span class=\"hps\">la prov\u00edncia<\/span> <span class=\"hps\">de Castell\u00f3<\/span> <span class=\"hps\">i consisteix<\/span> <span class=\"hps\">en la localitzaci\u00f3<\/span> <span class=\"hps\">i<\/span> <span class=\"hps\">recompte<\/span> <span class=\"hps\">de<\/span> <span class=\"hps\">les<\/span> <span class=\"hps\">rapinyaires<\/span> <span class=\"hps\">invernates,\u00a0<\/span><span class=\"hps\">tant<\/span> <span class=\"hps\">en<\/span> <span class=\"hps\">dormidors<\/span> <span class=\"hps\">com<\/span> <span class=\"hps\">a<\/span> <span class=\"hps\">zones d&#8217;alimentaci\u00f3<\/span>. <span class=\"hps\">Aquest<\/span> <span class=\"hps\">cens<\/span> <span class=\"hps\">es<\/span> <span class=\"hps\">realitza<\/span> <span class=\"hps\">des de llocs<\/span> <span class=\"hps\">fixos<\/span>, <span class=\"hps\">cas dels<\/span> <span class=\"hps\">controls<\/span> <span class=\"hps\">en els<\/span> <span class=\"hps\">aiguamolls de la<\/span> <span class=\"hps\">prov\u00edncia<\/span> <span class=\"hps\">o<\/span> <span class=\"hps\">en vehicle<\/span> <span class=\"hps\">a velocitats<\/span> <span class=\"hps\">entre<\/span> <span class=\"hps\">20<\/span> <span class=\"hps\">i<\/span> <span class=\"hps\">40<\/span> <span class=\"hps\">km<\/span><span class=\"hps\">\/<\/span><span class=\"hps\">h<\/span>. <span class=\"hps\">en el cas<\/span> <span class=\"hps\">de<\/span> <span class=\"hps\">les<\/span> <span class=\"hps\">zones de l&#8217;interior<\/span>. <span class=\"hps\">El per\u00edode<\/span> <span class=\"hps\">de control<\/span> <span class=\"hps\">se centra<\/span> <span class=\"hps\">entre<\/span> <span class=\"hps\">el 15 de desembre<\/span> <span class=\"hps\">i el 20<\/span> <span class=\"hps\">de gener.<\/span><\/p>\n<p style=\"text-align: justify;\"><strong><span class=\"hps\">Cens de les<\/span> <span class=\"hps\">aus<\/span> <span class=\"hps\">i<\/span> <span class=\"hps\">mam\u00edfers<\/span> <span class=\"hps\">marins<\/span> <span class=\"hps atn\">(<\/span><a href=\"http:\/\/redavesmarinas.blogspot.com.es\/\">RAM<\/a>)<\/strong>, <span class=\"hps\">cens<\/span> en que\u00a0<span class=\"hps\">col\u00b7labora el<\/span> <span class=\"hps\">GER<\/span><span class=\"atn\">&#8211;<\/span>EA <span class=\"hps\">amb<\/span> <span class=\"hps\">altres grups<\/span> <span class=\"hps\">i persones<\/span> <span class=\"hps\">a<\/span> <strong><span class=\"hps\">nivell<\/span> <span class=\"hps\">peninsular<\/span><\/strong>. <span class=\"hps\">El cens<\/span> <span class=\"hps\">es<\/span> <span class=\"hps\">fa el primer<\/span> <span class=\"hps\">dissabte de<\/span> <span class=\"hps\">cada<\/span> <span class=\"hps\">mes<\/span>, <span class=\"hps\">i<\/span> <span class=\"hps\">consisteix en el<\/span> <span class=\"hps\">recompte<\/span> <span class=\"hps\">del nombre<\/span> <span class=\"hps\">de vertebrats<\/span> <span class=\"hps\">i<\/span> <span class=\"hps\">esp\u00e8cie<\/span> <span class=\"hps\">d&#8217;aus i<\/span> <span class=\"hps\">mam\u00edfers<\/span> <span class=\"hps\">marins.<\/span>\u00a0E<span class=\"hps\">s<\/span> <span class=\"hps\">realitza<\/span> <span class=\"hps\">durant tres<\/span> <span class=\"hps\">hores,\u00a0<\/span>normalmente entre las 7:30 a 10:30h en estiu\u00a0i des de les 8:30 a 11:30h. en hivern.\u00a0<span class=\"hps\">El lloc que<\/span> <span class=\"hps\">el<\/span> <span class=\"hps\">GER<\/span><span class=\"atn\">&#8211;<\/span>EA <span class=\"hps\">t\u00e9<\/span> <span class=\"hps\">assignat<\/span> <span class=\"hps\">s&#8217;ubica<\/span>\u00a0al Port de Borriana.<\/p>\n<ul>\n<li style=\"text-align: justify;\"><a href=\"http:\/\/www.internatura.org\/blog\/wp-content\/uploads\/2014\/12\/CENSO_DE_AVES_MARINAS-Burriana-11-01-2014.pdf\" target=\"_blank\">Resultats cens del 11-01-2014<\/a><\/li>\n<li style=\"text-align: justify;\"><a href=\"http:\/\/www.internatura.org\/blog\/wp-content\/uploads\/2014\/12\/CENSO_DE_AVES_MARINAS-01-02-2014.pdf\" target=\"_blank\">Resultats cens del 01-02-2014<\/a><\/li>\n<li style=\"text-align: justify;\"><a href=\"http:\/\/www.internatura.org\/blog\/wp-content\/uploads\/2014\/12\/CENSO_DE_AVES_MARINAS-01-03-2014.pdf\" target=\"_blank\">Resultats cens del 01-03-2014<\/a><\/li>\n<li style=\"text-align: justify;\"><a href=\"http:\/\/www.internatura.org\/blog\/wp-content\/uploads\/2014\/12\/CENSO_DE_AVES_MARINAS-05-04-2014.pdf\" target=\"_blank\">Resultats cens del 05-04-2014<\/a><\/li>\n<li style=\"text-align: justify;\"><a href=\"http:\/\/www.internatura.org\/blog\/wp-content\/uploads\/2014\/12\/CENSO_DE_AVES_MARINAS-10-05-2014.pdf\" target=\"_blank\">Resultats cens del 10-05-2014<\/a><\/li>\n<li style=\"text-align: justify;\"><a href=\"http:\/\/www.internatura.org\/blog\/wp-content\/uploads\/2014\/12\/CENSO_DE_AVES_MARINAS-07-06-2014.pdf\" target=\"_blank\">Resultats cens del 07-06-2014<\/a><\/li>\n<li style=\"text-align: justify;\"><a href=\"http:\/\/www.internatura.org\/blog\/wp-content\/uploads\/2014\/12\/CENSO_DE_AVES_MARINAS-05-07-2014.pdf\" target=\"_blank\">Resultats cens del 05-07-2014<\/a><\/li>\n<li style=\"text-align: justify;\"><a href=\"http:\/\/www.internatura.org\/blog\/wp-content\/uploads\/2014\/12\/CENSO_DE_AVES_MARINAS-02-08-2014.pdf\" target=\"_blank\">Resultats cens del 02-08-2014<\/a><\/li>\n<li style=\"text-align: justify;\"><a href=\"http:\/\/www.internatura.org\/blog\/wp-content\/uploads\/2014\/12\/CENSO_DE_AVES_MARINAS-06-09-2014.pdf\" target=\"_blank\">Resultats cens del 06-09-2014<\/a><\/li>\n<li style=\"text-align: justify;\"><a href=\"http:\/\/www.internatura.org\/blog\/wp-content\/uploads\/2014\/12\/CENSO_DE_AVES_MARINAS-04-10-2014.pdf\" target=\"_blank\">Resultats cens del 04-10-2014<\/a><\/li>\n<li style=\"text-align: justify;\"><a href=\"http:\/\/www.internatura.org\/blog\/wp-content\/uploads\/2014\/12\/CENSO_DE_AVES_MARINAS-08-11-2014.pdf\" target=\"_blank\">Resultats cens del 08-11-2014<\/a><\/li>\n<li style=\"text-align: justify;\"><a href=\"http:\/\/www.internatura.org\/blog\/wp-content\/uploads\/2014\/12\/CENSO_DE_AVES_MARINAS-13-12-2014.pdf\" target=\"_blank\">Resultats cens del 13-12-2014<\/a><\/li>\n<\/ul>\n<p style=\"text-align: justify;\"><strong>C<span class=\"hps\">ens anual<\/span> <span class=\"hps\">d&#8217;aus<\/span> <span class=\"hps\">marines<\/span> <span class=\"hps\">hivernants<\/span> <span class=\"hps\">a la Comunitat Valenciana<\/span><\/strong>. <span class=\"hps\">Consisteix<\/span> <span class=\"hps\">en la comptabilitzaci\u00f3<\/span> <span class=\"hps\">durant tres<\/span> <span class=\"hps\">hores<\/span> <span class=\"hps\">de totes<\/span> <span class=\"hps\">les<\/span> <span class=\"hps\">aus<\/span> <span class=\"hps\">marines que<\/span> <span class=\"hps\">es<\/span> <span class=\"hps\">desplacen<\/span> <span class=\"hps\">o<\/span> <span class=\"hps\">descansen<\/span> <span class=\"hps\">en alta<\/span> <span class=\"hps\">mar.<\/span> <span class=\"hps\">El lloc que<\/span> <span class=\"hps\">el<\/span> <span class=\"hps\">GER<\/span><span class=\"atn\">&#8211;<\/span>EA <span class=\"hps\">t\u00e9<\/span> <span class=\"hps\">assignat<\/span> <span class=\"hps\">per a aquest<\/span> <span class=\"hps\">cens \u00e9s<\/span> <span class=\"hps\">la<\/span> <span class=\"hps\">platja<\/span> <span class=\"hps\">d&#8217;Almenara<\/span>. <span class=\"hps\">La<\/span> <span class=\"hps\">data<\/span> <span class=\"hps\">del cens<\/span> <span class=\"hps\">sol ser<\/span> <span class=\"hps\">a mitjans<\/span> <span class=\"hps\">de gener.<\/span><\/p>\n<ul>\n<li style=\"text-align: justify;\"><a href=\"http:\/\/www.internatura.org\/blog\/wp-content\/uploads\/2014\/12\/CENSO_DE_AVES_MARINAS-11-01-2014.pdf\" target=\"_blank\">Resultats cens del 11-01-2014<\/a><\/li>\n<\/ul>\n<p style=\"text-align: justify;\"><span class=\"hps\"><a href=\"http:\/\/www.internatura.org\/blog\/wp-content\/uploads\/2014\/12\/Pardela-a-10-11-2012IMG_929.jpg\" rel=\"lightbox\" data-rel=\"lightbox-image-2\" data-rl_title=\"\" data-rl_caption=\"\" title=\"\"><img decoding=\"async\" loading=\"lazy\" class=\"alignleft size-thumbnail wp-image-3570\" src=\"http:\/\/www.internatura.org\/blog\/wp-content\/uploads\/2014\/12\/Pardela-a-10-11-2012IMG_929-150x150.jpg\" alt=\"Pardela-a-10-11-2012IMG_929\" width=\"150\" height=\"150\" \/><\/a><\/span><\/p>\n<div id=\"attachment_3579\" style=\"width: 160px\" class=\"wp-caption alignright\"><a href=\"http:\/\/www.internatura.org\/blog\/wp-content\/uploads\/2014\/12\/Parany-10432963_747008178685942_4633559834589860094_n.jpg\" rel=\"lightbox\" data-rel=\"lightbox-image-3\" data-rl_title=\"\" data-rl_caption=\"\" title=\"\"><img aria-describedby=\"caption-attachment-3579\" decoding=\"async\" loading=\"lazy\" class=\"wp-image-3579 size-thumbnail\" src=\"http:\/\/www.internatura.org\/blog\/wp-content\/uploads\/2014\/12\/Parany-10432963_747008178685942_4633559834589860094_n-150x150.jpg\" alt=\"Parany-10432963_747008178685942_4633559834589860094_n\" width=\"150\" height=\"150\" \/><\/a><p id=\"caption-attachment-3579\" class=\"wp-caption-text\">Busquereta de casque atrapada amb parany a Castell\u00f3<\/p><\/div>\n<p><span class=\"hps\">Tamb\u00e9<\/span> <span class=\"hps\">membres del<\/span> <span class=\"hps\">GER<\/span><span class=\"atn\">&#8211;<\/span>EA <span class=\"hps\">realitzen<\/span> <span class=\"hps\">altres controls<\/span> <span class=\"hps\">setmanals<\/span>, <span class=\"hps\">quinzenals<\/span> <span class=\"hps\">i<\/span> <span class=\"hps\">mensuals<\/span>, al llarg <span class=\"hps\">de tot l&#8217;any<\/span>, <span class=\"hps\">com<\/span> <span class=\"hps\">els<\/span> <span class=\"hps\">controls<\/span> <span class=\"hps\">d&#8217;aus a<\/span> <span class=\"hps\">les<\/span> <span class=\"hps\">zones<\/span> <span class=\"hps\">humides<\/span> <span class=\"hps atn\">(<\/span>comarca <span class=\"hps\">Plana<\/span> <span class=\"hps\">Baixa<\/span>), <span class=\"hps\">des de la desembocadura<\/span> <span class=\"hps\">del riu<\/span> <span class=\"hps\">Millars<\/span> <span class=\"hps\">fins a la<\/span> <span class=\"hps\">marjal<\/span> <span class=\"hps atn\">d&#8217;<\/span>Almenara<span class=\"hps\">,<\/span> <span class=\"hps\">controls<\/span> <span class=\"hps\">d&#8217;aus<\/span> <span class=\"hps\">marines<\/span> <span class=\"hps\">a<\/span> <span class=\"hps\">l&#8217;entrada dels<\/span> <span class=\"hps\">vaixells de<\/span> <span class=\"hps\">pesca<\/span>,\u00a0<a href=\"http:\/\/www.internatura.org\/aocv\/\">le<span class=\"hps\">ctura<\/span> <\/a><span class=\"hps\"><a href=\"http:\/\/www.internatura.org\/aocv\/\">d&#8217;anelles <\/a>en<\/span> <span class=\"hps\">diferents<\/span> <span class=\"hps\">esp\u00e8cies<\/span> <span class=\"hps\">d&#8217;aus<\/span>, seguiment <span class=\"hps\">de zones<\/span> <span class=\"hps\">de ca\u00e7a<\/span> <span class=\"hps\">i<\/span> <span class=\"hps\">trampeo<\/span> <span class=\"hps\">il\u00b7legal,<\/span> <span class=\"hps\">com<\/span> <span class=\"hps\">els<\/span> <span class=\"hps\">paranys<\/span>, <a href=\"https:\/\/www.youtube.com\/watch?feature=player_detailpage&amp;v=y2Yu7V2WuEc\"><span class=\"hps\">xarxes<\/span> <span class=\"hps\">abatibles<\/span><\/a>\u00a0o\u00a0enfilat, <span class=\"hps\">caixes<\/span><span class=\"atn\">&#8211;<\/span>trampes, <span class=\"hps\">ceps<\/span>, <span class=\"hps\">etc.<\/span><\/p>\n<ul>\n<li><a href=\"http:\/\/www.internatura.org\/blog\/wp-content\/uploads\/2014\/12\/CONTROL_DE_AVES_MARINAS_BARCOS_AL_PORT_DE_BORRIANA-5-2-2014.pdf\" target=\"_blank\">Control d&#8217;aus marines en vaixells. 5-2-2014<\/a><\/li>\n<\/ul>\n<p style=\"text-align: justify;\">A\u00a0<span class=\"hps\">m\u00e9s d&#8217;aquests<\/span> <span class=\"hps\">censos,<\/span> <span class=\"hps\">el<\/span> <span class=\"hps\">GER<\/span><span class=\"atn\">&#8211;<\/span>EA <span class=\"hps\">col\u00b7labora de<\/span> <span class=\"hps\">forma<\/span> <span class=\"hps\">puntual<\/span> <span class=\"hps\">en altres<\/span> <span class=\"hps\">censos<\/span> <span class=\"hps\">a<\/span> <span class=\"hps\">nivell<\/span> <span class=\"hps\">provincial<\/span>, <span class=\"hps\">regional<\/span> <span class=\"hps\">i nacional<\/span>, <span class=\"hps\">com<\/span> <span class=\"hps\">el cens<\/span> <span class=\"hps\">de<\/span>\u00a0corba marina grossa (<em><a href=\"http:\/\/www.internatura.org\/aocv\/ficha.php?idesp=13\">Phalacrocorax carbo<\/a><\/em>)\u00a0<span class=\"hps\">a<\/span> <span class=\"hps\">dormidor<\/span>, <span class=\"hps\">cens<\/span>\u00a0d&#8217;arpellot de marjal (<em><a href=\"http:\/\/www.internatura.org\/aocv\/ficha.php?idesp=76\">Circus aeruginosus<\/a><\/em>)\u00a0<span class=\"hps\">a<\/span> <span class=\"hps\">dormidors<\/span> <span class=\"hps\">de<\/span> <span class=\"hps\">les<\/span> <span class=\"hps\">zones<\/span> <span class=\"hps\">humides<\/span>, <span class=\"hps\">cens<\/span> <span class=\"hps\">de<\/span> <span class=\"hps\">mil\u00e0 reial<\/span>\u00a0(<em><a href=\"http:\/\/www.internatura.org\/aocv\/ficha.php?idesp=71\">Milvus milvus<\/a><\/em>)\u00a0<span class=\"hps\">hivernant<\/span>,\u00a0<span class=\"hps\">control del<\/span>\u00a0Falco\u00a0<span class=\"hps\">de<\/span> <span class=\"hps\">la reina (<em><a href=\"http:\/\/www.internatura.org\/aocv\/ficha.php?idesp=81\">Falco eleonorae<\/a><\/em>)<\/span> <span class=\"hps\">a l&#8217;interior<\/span> <span class=\"hps\">provincial<\/span>, <span class=\"hps\">especialment<\/span> <span class=\"hps\">a la Pobla de<\/span> <span class=\"hps\">Tornesa<\/span>, <span class=\"hps\">seguiment dels Saboc (<em><a href=\"http:\/\/www.internatura.org\/aocv\/ficha.php?idesp=197\">Caprimulgus europaeus<\/a><\/em>) i\u00a0Saboc coll-roig<\/span><span class=\"hps\">\u00a0(<em><a href=\"http:\/\/www.internatura.org\/aocv\/ficha.php?idesp=198\">Caprimulgus ruficollis<\/a><\/em>) i\u00a0<\/span> <span class=\"hps\">en zona<\/span> <span class=\"hps\">entre Vila<\/span><span class=\"atn\">&#8211;<\/span>real, <span class=\"hps\">Betx\u00ed<\/span> <span class=\"hps\">i Onda,\u00a0<\/span><span class=\"hps\">etc.<\/span><\/p>\n<div id=\"attachment_3251\" style=\"width: 160px\" class=\"wp-caption alignleft\"><a href=\"http:\/\/www.internatura.org\/blog\/wp-content\/uploads\/2014\/09\/Falco-11-7-2014-IMG_0141.jpg\" rel=\"lightbox\" data-rel=\"lightbox-image-4\" data-rl_title=\"\" data-rl_caption=\"\" title=\"\"><img aria-describedby=\"caption-attachment-3251\" decoding=\"async\" loading=\"lazy\" class=\"wp-image-3251 size-thumbnail\" src=\"http:\/\/www.internatura.org\/blog\/wp-content\/uploads\/2014\/09\/Falco-11-7-2014-IMG_0141-150x150.jpg\" alt=\"Falco-11-7-2014-IMG_0141\" width=\"150\" height=\"150\" \/><\/a><p id=\"caption-attachment-3251\" class=\"wp-caption-text\">Falco de la reina<\/p><\/div>\n<div id=\"attachment_3053\" style=\"width: 160px\" class=\"wp-caption alignleft\"><a href=\"http:\/\/www.internatura.org\/blog\/wp-content\/uploads\/2014\/07\/Chotacabra-pardo11-6-2014-B-2.jpg\" rel=\"lightbox\" data-rel=\"lightbox-image-5\" data-rl_title=\"\" data-rl_caption=\"\" title=\"\"><img aria-describedby=\"caption-attachment-3053\" decoding=\"async\" loading=\"lazy\" class=\"wp-image-3053 size-thumbnail\" src=\"http:\/\/www.internatura.org\/blog\/wp-content\/uploads\/2014\/07\/Chotacabra-pardo11-6-2014-B-2-150x150.jpg\" alt=\"Chotacabra-pardo11-6-2014-B (2)\" width=\"150\" height=\"150\" \/><\/a><p id=\"caption-attachment-3053\" class=\"wp-caption-text\">Saboc coll roig<\/p><\/div>\n<h3 style=\"text-align: justify;\"><\/h3>\n<h3 style=\"text-align: justify;\"><\/h3>\n<h3 style=\"text-align: justify;\"><\/h3>\n<h3 style=\"text-align: justify;\"><\/h3>\n<h3 style=\"text-align: justify;\"><\/h3>\n<h3 style=\"text-align: justify;\"><\/h3>\n<h3 style=\"text-align: justify;\"><\/h3>\n<h2><em>INFORMES<\/em><\/h2>\n<p><a href=\"http:\/\/www.komitee.de\/sites\/www.komitee.de\/files\/wiki\/2011\/02\/GER-EA%20Parany%20y%20veneno%20-%20t%C3%A9cnicas%20de%20caza%20masivas%20(es).pdf\" rel=\"attachment wp-att-5237\"><img decoding=\"async\" loading=\"lazy\" class=\"alignleft size-thumbnail wp-image-5237\" src=\"http:\/\/www.internatura.org\/blog\/wp-content\/uploads\/2014\/12\/Parany-veneno-2016-150x150.jpg\" alt=\"Parany-veneno-2016\" width=\"150\" height=\"150\" \/><\/a><\/p>\n<p>&nbsp;<\/p>\n<p>2010<\/p>\n","protected":false},"excerpt":{"rendered":"<p>En aquesta secci\u00f3 anem a col\u00b7locar els resultats dels diferents censos que el GER&#8211;EA realitza de forma individual aix\u00ed com en col\u00b7laboraci\u00f3 amb altres naturalistes, grups ecologistes i entitats cient\u00edfiques en el camp de la conservaci\u00f3 de la flora i fauna del nostre territori. Aleshores,\u00a0aquest apartat s&#8217;obre a la col\u00b7laboraci\u00f3 \u2026 <a class=\"continue-reading-link\" href=\"https:\/\/internatura.org\/blog\/?page_id=3574\"> Continuar leyendo <span class=\"meta-nav\">&rarr; <\/span><\/a><\/p>\n","protected":false},"author":1,"featured_media":0,"parent":0,"menu_order":0,"comment_status":"closed","ping_status":"closed","template":"","meta":[],"_links":{"self":[{"href":"https:\/\/internatura.org\/blog\/index.php?rest_route=\/wp\/v2\/pages\/3574"}],"collection":[{"href":"https:\/\/internatura.org\/blog\/index.php?rest_route=\/wp\/v2\/pages"}],"about":[{"href":"https:\/\/internatura.org\/blog\/index.php?rest_route=\/wp\/v2\/types\/page"}],"author":[{"embeddable":true,"href":"https:\/\/internatura.org\/blog\/index.php?rest_route=\/wp\/v2\/users\/1"}],"replies":[{"embeddable":true,"href":"https:\/\/internatura.org\/blog\/index.php?rest_route=%2Fwp%2Fv2%2Fcomments&post=3574"}],"version-history":[{"count":19,"href":"https:\/\/internatura.org\/blog\/index.php?rest_route=\/wp\/v2\/pages\/3574\/revisions"}],"predecessor-version":[{"id":6175,"href":"https:\/\/internatura.org\/blog\/index.php?rest_route=\/wp\/v2\/pages\/3574\/revisions\/6175"}],"wp:attachment":[{"href":"https:\/\/internatura.org\/blog\/index.php?rest_route=%2Fwp%2Fv2%2Fmedia&parent=3574"}],"curies":[{"name":"wp","href":"https:\/\/api.w.org\/{rel}","templated":true}]}}