{"id":6990,"date":"2020-07-07T11:10:22","date_gmt":"2020-07-07T11:10:22","guid":{"rendered":"http:\/\/www.internatura.org\/blog\/?page_id=6990"},"modified":"2020-07-14T23:57:38","modified_gmt":"2020-07-14T23:57:38","slug":"educacio-ambiental","status":"publish","type":"page","link":"https:\/\/internatura.org\/blog\/?page_id=6990","title":{"rendered":"Educaci\u00f3 Ambiental"},"content":{"rendered":"\n<p>En aquesta secci\u00f3 pretenem aportar totes aquelles activitats realitzades pel GER-EA, relacionades amb la informaci\u00f3, sensibilitzaci\u00f3 i educaci\u00f3 ambiental. Aquestes activitats entren en:<\/p>\n\n\n\n<ul><li>Xarrades i tallers a poblaci\u00f3 infantil i juvenil.<\/li><li>Xarrades i activitats per a persones adultes i grups familiars.<\/li><li>Excursions realitzades pels diferents paratges naturals de Castell\u00f3, de forma individual o col\u00b7lectiva.<\/li><\/ul>\n\n\n\n<p class=\"has-text-align-center\"><strong>APUNTA&#8217;T A TOTES LES NOSTRES ACTIVITATS, <\/strong><\/p>\n\n\n\n<p class=\"has-text-align-center\"><strong>GAUDIRAS D&#8217;UN DIA EXCEPCIONAL SOL O EN FAM\u00cdLIA.<br> PARTICIPA\u00a1\u00a1\u00a1\u00a1\u00a1\u00a1\u00a1 JA\u00a1\u00a1\u00a1\u00a1<\/strong><\/p>\n\n\n\n<p><strong>Recordar que en totes les sortides a camp hem de portar roba i sabatilles c\u00f2modes, gorra, aigua, diverses fruites i fruits secs.<br> I sempre material \u00f2ptic, prim\u00e1ticos o telescopis, per gaudir dels paisatges i<\/strong> les aus de les nostres comarques.<\/p>\n\n\n\n<p>Hem dividit la informaci\u00f3 en tres grans apartats:<br> 1.- Activitats als centres escolars.<br> 2.- Xarrades i activitats per a tots els p\u00fablics.<br> 3.- Excursions i viatges realitzats pel GER-EA<\/p>\n\n\n\n<p><strong> ACTIVITATS ALS CENTRES ESCOLARS.<\/strong> <\/p>\n\n\n\n<p><strong>Xarrades a l&#8217;escola de prim\u00e0ria de la poblaci\u00f3 de Vilafames.<\/strong><\/p>\n\n\n\n<p><br><\/p>\n\n\n\n<div class=\"wp-block-image\"><figure class=\"alignleft size-large is-resized\"><img decoding=\"async\" loading=\"lazy\" src=\"http:\/\/www.internatura.org\/blog\/wp-content\/uploads\/2020\/07\/image-17.png\" alt=\"\" class=\"wp-image-7073\" width=\"317\" height=\"238\" srcset=\"https:\/\/internatura.org\/blog\/wp-content\/uploads\/2020\/07\/image-17.png 268w, https:\/\/internatura.org\/blog\/wp-content\/uploads\/2020\/07\/image-17-150x113.png 150w, https:\/\/internatura.org\/blog\/wp-content\/uploads\/2020\/07\/image-17-200x150.png 200w\" sizes=\"(max-width: 317px) 100vw, 317px\" \/><\/figure><\/div>\n\n\n\n<p>El dia 09\/12\/2019, durant tot el dia membres de l&#8217;GER-EA hem estat donant xarrades i tallers a l&#8217;escola de prim\u00e0ria de Vilafames, <\/p>\n\n\n\n<p>En total hem donat 5 xarrades, amb 3 powerpoint preparats, per a grups de diferents edats i diferents v\u00eddeos, a el mateix temps hem repartit dibuixos , tr\u00edptics i p\u00f2sters per a cada xiquet, sobre el tema d&#8217;aus, rapinyaires i canvi clim\u00e0tic. En total 160 xiquets des de 2 a 11 anys.<\/p>\n\n\n\n<div class=\"wp-block-image\"><figure class=\"alignright size-large\"><img decoding=\"async\" loading=\"lazy\" width=\"280\" height=\"210\" src=\"http:\/\/www.internatura.org\/blog\/wp-content\/uploads\/2020\/07\/image-19.png\" alt=\"\" class=\"wp-image-7075\" srcset=\"https:\/\/internatura.org\/blog\/wp-content\/uploads\/2020\/07\/image-19.png 280w, https:\/\/internatura.org\/blog\/wp-content\/uploads\/2020\/07\/image-19-150x113.png 150w, https:\/\/internatura.org\/blog\/wp-content\/uploads\/2020\/07\/image-19-200x150.png 200w\" sizes=\"(max-width: 280px) 100vw, 280px\" \/><\/figure><\/div>\n\n\n\n<p><\/p>\n\n\n\n<p>Els grups de xiquets han estat: <\/p>\n\n\n\n<p>Preescolar: Xiquets de 2 i 3 anys; xiquets de 4 i 5 anys,<\/p>\n\n\n\n<p>Prim\u00e0ria: Xiquets de 6 i 7 anys; xiquets de 8 i 9 anys i xiquets de 10 i 11 anys.<\/p>\n\n\n\n<div class=\"wp-block-image\"><figure class=\"alignleft size-large is-resized\"><img decoding=\"async\" loading=\"lazy\" src=\"http:\/\/www.internatura.org\/blog\/wp-content\/uploads\/2020\/07\/image-18.png\" alt=\"\" class=\"wp-image-7074\" width=\"188\" height=\"230\" srcset=\"https:\/\/internatura.org\/blog\/wp-content\/uploads\/2020\/07\/image-18.png 157w, https:\/\/internatura.org\/blog\/wp-content\/uploads\/2020\/07\/image-18-123x150.png 123w\" sizes=\"(max-width: 188px) 100vw, 188px\" \/><\/figure><\/div>\n\n\n\n<p>Un dia realment molt satisfactori a el veure que tots els grups de xiquets\/ es han estat molt atents i participatius.<\/p>\n\n\n\n<p><\/p>\n\n\n\n<p><strong>Xarrada sobre aus rapinyaires nocturns<\/strong>.<\/p>\n\n\n\n<div class=\"wp-block-image\"><figure class=\"alignleft size-large is-resized\"><img decoding=\"async\" loading=\"lazy\" src=\"http:\/\/www.internatura.org\/blog\/wp-content\/uploads\/2020\/07\/image-20.png\" alt=\"\" class=\"wp-image-7080\" width=\"353\" height=\"265\" srcset=\"https:\/\/internatura.org\/blog\/wp-content\/uploads\/2020\/07\/image-20.png 684w, https:\/\/internatura.org\/blog\/wp-content\/uploads\/2020\/07\/image-20-300x225.png 300w, https:\/\/internatura.org\/blog\/wp-content\/uploads\/2020\/07\/image-20-150x113.png 150w, https:\/\/internatura.org\/blog\/wp-content\/uploads\/2020\/07\/image-20-200x150.png 200w\" sizes=\"(max-width: 353px) 100vw, 353px\" \/><\/figure><\/div>\n\n\n\n<p>El 08\/07\/2019, a les activitats de la Granja Escola de al Mas de Noguera al municipi i Caudiel, vam realitzar diverses activitats als xiquets de les col\u00f2nies. La xarrada que vam donar amb el t\u00edtol \u00ab<em>Els nostres rapinyaires nocturs<\/em>\u00bb introdu\u00efa als xiquets al m\u00f3n de les aus rapinyaires nocturnes, la seva biologia, comportament i problem\u00e0tica. <\/p>\n\n\n\n<div class=\"wp-block-image\"><figure class=\"alignright size-large is-resized\"><img decoding=\"async\" loading=\"lazy\" src=\"http:\/\/www.internatura.org\/blog\/wp-content\/uploads\/2020\/07\/image-21.png\" alt=\"\" class=\"wp-image-7081\" width=\"280\" height=\"190\" srcset=\"https:\/\/internatura.org\/blog\/wp-content\/uploads\/2020\/07\/image-21.png 189w, https:\/\/internatura.org\/blog\/wp-content\/uploads\/2020\/07\/image-21-150x102.png 150w\" sizes=\"(max-width: 280px) 100vw, 280px\" \/><\/figure><\/div>\n\n\n\n<p>Una xarrada que els xiquets poguessin identificar cada au nocturna i el seu cant per difereniaros pel so. La xarrada adre\u00e7ada a 60 xiquets de 5 a 14 anys.<\/p>\n\n\n\n<p><\/p>\n\n\n\n<p>05\/07 \/ 2018.- <strong>Activitats (xarrades i tallers) d&#8217;Educaci\u00f3 ambiental en el M\u00e9s de Noguera<\/strong>. Dirigit a xavals de 6 a 15 anys. Realitzant diverses xarrades i tallers enfocats cap a la utilitzaci\u00f3 de les noves tecnologies, en el nostre cas <em>Drones<\/em>, en la conservaci\u00f3 de medi ambient dins de les Col\u00f2nies d&#8217;Estiu.<\/p>\n\n\n\n<div class=\"wp-block-image\"><figure class=\"alignleft size-large\"><img decoding=\"async\" loading=\"lazy\" width=\"283\" height=\"212\" src=\"http:\/\/www.internatura.org\/blog\/wp-content\/uploads\/2020\/07\/image-45.png\" alt=\"\" class=\"wp-image-7138\" srcset=\"https:\/\/internatura.org\/blog\/wp-content\/uploads\/2020\/07\/image-45.png 283w, https:\/\/internatura.org\/blog\/wp-content\/uploads\/2020\/07\/image-45-150x112.png 150w, https:\/\/internatura.org\/blog\/wp-content\/uploads\/2020\/07\/image-45-200x150.png 200w\" sizes=\"(max-width: 283px) 100vw, 283px\" \/><\/figure><\/div>\n\n\n\n<p>05\/07 \/ 2018.- Xerrada sobre \u00ab<strong><em>Drones i Biodiversitat\u00bb<\/em><\/strong>, membres de l&#8217;GER-EA Lled\u00f3 Badenes, Juanlu Bort, Sergi Marz\u00e1 i Josep Bort.<br> Se&#8217;ls explica als nens i adolescents nostre projecte de conservaci\u00f3 d&#8217;\u00e0guila cuabarrada. Sent els nens molt participatius al taller de drones, realitzant m\u00faltiples preguntes i comentaris a la nostra activitat.<\/p>\n\n\n\n<div class=\"wp-block-image\"><figure class=\"alignright size-large\"><img decoding=\"async\" loading=\"lazy\" width=\"307\" height=\"230\" src=\"http:\/\/www.internatura.org\/blog\/wp-content\/uploads\/2020\/07\/image-46.png\" alt=\"\" class=\"wp-image-7139\" srcset=\"https:\/\/internatura.org\/blog\/wp-content\/uploads\/2020\/07\/image-46.png 307w, https:\/\/internatura.org\/blog\/wp-content\/uploads\/2020\/07\/image-46-300x225.png 300w, https:\/\/internatura.org\/blog\/wp-content\/uploads\/2020\/07\/image-46-150x112.png 150w, https:\/\/internatura.org\/blog\/wp-content\/uploads\/2020\/07\/image-46-200x150.png 200w\" sizes=\"(max-width: 307px) 100vw, 307px\" \/><\/figure><\/div>\n\n\n\n<p>Taller sobre la utilitzaci\u00f3 i maneig de l&#8217;dron. Mas de Noguera<br> A el mateix temps es van realitzar activitats sobre la protecci\u00f3 de l&#8217;\u00e0guila de panxa blanca i es va informar sobre el nostre projecte de recuperaci\u00f3 de territoris abandonats de l&#8217;esp\u00e8cie. Incidint en que \u00e9s una esp\u00e8cie catalogada com En perill d&#8217;Extinci\u00f3 a Europa i Espanya, i que presenta molts problemes a l&#8217;hora de mantenir els territoris de cria i reproduir-se. <\/p>\n\n\n\n<div class=\"wp-block-image\"><figure class=\"aligncenter size-large\"><img decoding=\"async\" loading=\"lazy\" width=\"458\" height=\"196\" src=\"http:\/\/www.internatura.org\/blog\/wp-content\/uploads\/2020\/07\/image-48.png\" alt=\"\" class=\"wp-image-7141\" srcset=\"https:\/\/internatura.org\/blog\/wp-content\/uploads\/2020\/07\/image-48.png 458w, https:\/\/internatura.org\/blog\/wp-content\/uploads\/2020\/07\/image-48-300x128.png 300w, https:\/\/internatura.org\/blog\/wp-content\/uploads\/2020\/07\/image-48-150x64.png 150w, https:\/\/internatura.org\/blog\/wp-content\/uploads\/2020\/07\/image-48-250x107.png 250w\" sizes=\"(max-width: 458px) 100vw, 458px\" \/><\/figure><\/div>\n\n\n\n<p>Aquests problemes se centren en la mort d&#8217;exemplars adults principalment per electrocucions, trets, enverinaments i ofegaments en basses de reg. El que requereix d&#8217;un gran esfor\u00e7 i una implicaci\u00f3 molt important de les administracions responsables en la conservaci\u00f3 de l&#8217;esp\u00e8cie.<\/p>\n\n\n\n<p>Lled\u00f3 i Brenda. Escultura d&#8217;\u00e0guila cuabarrada realitzada per la nostra amiga i bi\u00f2loga Marta Iba\u00f1ez i utilitzada per al taller sobre protecci\u00f3 de l&#8217;\u00e0guila cuabarrada.<\/p>\n\n\n\n<div class=\"wp-block-image\"><figure class=\"alignright size-large\"><img decoding=\"async\" loading=\"lazy\" width=\"160\" height=\"140\" src=\"http:\/\/www.internatura.org\/blog\/wp-content\/uploads\/2020\/07\/image-47.png\" alt=\"\" class=\"wp-image-7140\" srcset=\"https:\/\/internatura.org\/blog\/wp-content\/uploads\/2020\/07\/image-47.png 160w, https:\/\/internatura.org\/blog\/wp-content\/uploads\/2020\/07\/image-47-150x131.png 150w\" sizes=\"(max-width: 160px) 100vw, 160px\" \/><\/figure><\/div>\n\n\n\n<p><br> Per finalitzar es va realitzar un petit taller sobre la identificaci\u00f3 de rapinyaires i de l&#8217;\u00e0guila de panxa blanca, utilitzant la escultura de l&#8217;\u00e0guila, per identificar les caracter\u00edstiques principals d&#8217;aquesta rapinyaire.<\/p>\n\n\n\n<p><\/p>\n\n\n\n<p><strong>Excursi\u00f3 nocturna a les Col\u00f2nies de l&#8217;M\u00e9s de Noguera a Caudiel<\/strong>.               <\/p>\n\n\n\n<div class=\"wp-block-image\"><figure class=\"alignleft size-large is-resized\"><img decoding=\"async\" loading=\"lazy\" src=\"http:\/\/www.internatura.org\/blog\/wp-content\/uploads\/2020\/07\/image-23.png\" alt=\"\" class=\"wp-image-7084\" width=\"298\" height=\"224\" srcset=\"https:\/\/internatura.org\/blog\/wp-content\/uploads\/2020\/07\/image-23.png 184w, https:\/\/internatura.org\/blog\/wp-content\/uploads\/2020\/07\/image-23-150x113.png 150w\" sizes=\"(max-width: 298px) 100vw, 298px\" \/><\/figure><\/div>\n\n\n\n<p>El  passat 08\/07\/2019, ens desplacem al Mas de Noguera, a les col\u00f2nies anuals que realitzen en aquesta Granja Escola, a la localitat de Caudiel. Els objectius d&#8217;aquesta activitat \u00e9s molt variada, d&#8217;una banda sentir en plena natura el cant dels mussols i \u00f2libes o enganyapastors, a m\u00e9s el poder sentir altres vertebrats com granotes i gripaus en basses de la zona i insectes nocturns i per finalment el veure la constel\u00b7laci\u00f3 i estrelles al cel.<br> <\/p>\n\n\n\n<div class=\"wp-block-image\"><figure class=\"alignright size-large\"><img decoding=\"async\" loading=\"lazy\" width=\"248\" height=\"186\" src=\"http:\/\/www.internatura.org\/blog\/wp-content\/uploads\/2020\/07\/image-32.png\" alt=\"\" class=\"wp-image-7107\" srcset=\"https:\/\/internatura.org\/blog\/wp-content\/uploads\/2020\/07\/image-32.png 248w, https:\/\/internatura.org\/blog\/wp-content\/uploads\/2020\/07\/image-32-150x113.png 150w, https:\/\/internatura.org\/blog\/wp-content\/uploads\/2020\/07\/image-32-200x150.png 200w\" sizes=\"(max-width: 248px) 100vw, 248px\" \/><\/figure><\/div>\n\n\n\n<p>Aquesta activitat els resulta als xiquets molt divertida ja que es desplacen en diversos grups, grans i petits, amb llanternes.<br> Es van repartir els 60 xiquets en dos grups. Un amb xiquets de 5 a 9 anys dirigits per Lled\u00f3 i Josep, i un altre grup de xiquets de 10 a 14 anys, dirigits per Eug\u00e8nia i Lluis.  <\/p>\n\n\n\n<div class=\"wp-block-image\"><figure class=\"alignleft size-large\"><img decoding=\"async\" loading=\"lazy\" width=\"178\" height=\"168\" src=\"http:\/\/www.internatura.org\/blog\/wp-content\/uploads\/2020\/07\/image-54.png\" alt=\"\" class=\"wp-image-7153\" srcset=\"https:\/\/internatura.org\/blog\/wp-content\/uploads\/2020\/07\/image-54.png 178w, https:\/\/internatura.org\/blog\/wp-content\/uploads\/2020\/07\/image-54-150x142.png 150w, https:\/\/internatura.org\/blog\/wp-content\/uploads\/2020\/07\/image-54-159x150.png 159w\" sizes=\"(max-width: 178px) 100vw, 178px\" \/><\/figure><\/div>\n\n\n\n<p>21\/04 \/ 2018.- <strong>Taller de construcci\u00f3 de caixes niu,<\/strong> a Borriol hem aprofitat aquest mateix dia de 16 a 18 h., I al costat de APNAL-EA, desenvolupem una activitat de construcci\u00f3 de caixes niu, adre\u00e7ada als nens m\u00e9s petits de la poblaci\u00f3 de Borriol, construint i pintant les seves pr\u00f2pies caixes nius, que es van dur casa amb una gran il\u00b7lusi\u00f3.<br> <\/p>\n\n\n\n<p> <strong>ACTIVITATS I XARRADES PER A TOTS ELS PUBLICS<\/strong>. <\/p>\n\n\n\n<p><strong>Xarrada sobre \u00abCom afecta el canvi clim\u00e0tic a les rapinyaires\u00bb.<\/strong><br><\/p>\n\n\n\n<div class=\"wp-block-image\"><figure class=\"alignleft size-large is-resized\"><img decoding=\"async\" loading=\"lazy\" src=\"http:\/\/www.internatura.org\/blog\/wp-content\/uploads\/2020\/07\/image-24.png\" alt=\"\" class=\"wp-image-7088\" width=\"283\" height=\"315\" srcset=\"https:\/\/internatura.org\/blog\/wp-content\/uploads\/2020\/07\/image-24.png 236w, https:\/\/internatura.org\/blog\/wp-content\/uploads\/2020\/07\/image-24-135x150.png 135w\" sizes=\"(max-width: 283px) 100vw, 283px\" \/><\/figure><\/div>\n\n\n\n<p>El 2 de juliol 2019 i dins de les activitats realitzades per l&#8217;Ajuntament de Vila-real \u00ab<em>L&#8217;Estiu al Termet<\/em>\u00ab, vam realitzar una xarrada destinada a tots els p\u00fablics sobre l&#8217;afecci\u00f3 de l&#8217;canvi clim\u00e0tic en les aus rapinyaires.<br>Xarrada que realitza una s\u00e8rie de revisions de les \u00faltimes publicacions cient\u00edfiques sobre el canvi clim\u00e0tic, l&#8217;augment de la temperatura i l&#8217;afecci\u00f3 en la l\u00ednia de costes, com estan i repercutiran en les aus rapinyaires que <\/p>\n\n\n\n<div class=\"wp-block-image\"><figure class=\"alignright size-large\"><img decoding=\"async\" loading=\"lazy\" width=\"378\" height=\"326\" src=\"http:\/\/www.internatura.org\/blog\/wp-content\/uploads\/2020\/07\/image-25.png\" alt=\"\" class=\"wp-image-7090\" srcset=\"https:\/\/internatura.org\/blog\/wp-content\/uploads\/2020\/07\/image-25.png 378w, https:\/\/internatura.org\/blog\/wp-content\/uploads\/2020\/07\/image-25-300x259.png 300w, https:\/\/internatura.org\/blog\/wp-content\/uploads\/2020\/07\/image-25-150x129.png 150w, https:\/\/internatura.org\/blog\/wp-content\/uploads\/2020\/07\/image-25-174x150.png 174w\" sizes=\"(max-width: 378px) 100vw, 378px\" \/><\/figure><\/div>\n\n\n\n<p>  utilitzen les zones humides i els seus moviments migratoris, en qu\u00e8 es refereix a avan\u00e7os o retards en les dates dels despla\u00e7aments, aix\u00ed com la dist\u00e0ncia d&#8217;algunes rapinyaires que a l&#8217;disminuir la rigorositat de l&#8217;clima a l&#8217;hivern redueixen les dist\u00e0ncies i canvia les zones d&#8217;hivernada. <\/p>\n\n\n\n<p><\/p>\n\n\n\n<p><strong>Taller sobre utilitzaci\u00f3 de Drones en pro de la conservaci\u00f3 de la natur<\/strong>a.<br> <\/p>\n\n\n\n<figure class=\"wp-block-image size-large\"><img decoding=\"async\" loading=\"lazy\" width=\"576\" height=\"352\" src=\"http:\/\/www.internatura.org\/blog\/wp-content\/uploads\/2020\/07\/image-27.png\" alt=\"\" class=\"wp-image-7095\" srcset=\"https:\/\/internatura.org\/blog\/wp-content\/uploads\/2020\/07\/image-27.png 576w, https:\/\/internatura.org\/blog\/wp-content\/uploads\/2020\/07\/image-27-300x183.png 300w, https:\/\/internatura.org\/blog\/wp-content\/uploads\/2020\/07\/image-27-150x92.png 150w, https:\/\/internatura.org\/blog\/wp-content\/uploads\/2020\/07\/image-27-245x150.png 245w\" sizes=\"(max-width: 576px) 100vw, 576px\" \/><\/figure>\n\n\n\n<p> Dins de les activitats realitzades per l&#8217;Ajuntament de Vila-real \u00ab<em>L&#8217;Estiu al Termet<\/em>\u00ab, el dia 2 de juliol de 2019, vam realitzar un taller sobre la utilitzaci\u00f3 d&#8217;aparells voladors, drons, en la conservaci\u00f3 de la natura.<br> El taller es suport a la projecci\u00f3 d&#8217;un v\u00eddeo, realitzat per a tal activitat, i un taller a l&#8217;aire lliure de l&#8217;\u00fas de l&#8217;dron. Activitats que s&#8217;emmarquen dins el programa de l&#8217;GER-EA, \u00ab<em>sensibilitzaci\u00f3 ambiental<\/em>\u00ab.<\/p>\n\n\n\n<div class=\"wp-block-image\"><figure class=\"alignright size-large\"><img decoding=\"async\" loading=\"lazy\" width=\"302\" height=\"163\" src=\"http:\/\/www.internatura.org\/blog\/wp-content\/uploads\/2020\/07\/image-26.png\" alt=\"\" class=\"wp-image-7094\" srcset=\"https:\/\/internatura.org\/blog\/wp-content\/uploads\/2020\/07\/image-26.png 302w, https:\/\/internatura.org\/blog\/wp-content\/uploads\/2020\/07\/image-26-300x162.png 300w, https:\/\/internatura.org\/blog\/wp-content\/uploads\/2020\/07\/image-26-150x81.png 150w, https:\/\/internatura.org\/blog\/wp-content\/uploads\/2020\/07\/image-26-250x135.png 250w\" sizes=\"(max-width: 302px) 100vw, 302px\" \/><\/figure><\/div>\n\n\n\n<p><br> Es van explicar els grans beneficis de la utilitzaci\u00f3 de l&#8217;dron, tant en la localitzaci\u00f3 de persones estraviadas, informaci\u00f3 sobre els incendis forestals i parelas agroaliment\u00e0ries, i sobretot per a la conservaci\u00f3 dels rapinyaires, mitjan\u00e7ant la inspecci\u00f3 dels territoris de cria per determinar el nivell de conservaci\u00f3 dels nius i sobretot de les problem\u00e0tiques existents i negatives per al manteniment del territori de cria per les parelles d&#8217;\u00e0ligues.<\/p>\n\n\n\n<p> <strong>Observaci\u00f3 de rapinyaires: Falc\u00f3 d&#8217;Eleonor <\/strong>  <\/p>\n\n\n\n<div class=\"wp-block-image\"><figure class=\"alignleft is-resized\"><img decoding=\"async\" loading=\"lazy\" src=\"http:\/\/www.internatura.org\/blog\/wp-content\/uploads\/2020\/07\/image-15.png\" alt=\"La imagen tiene un atributo ALT vac\u00edo; su nombre de archivo es image-15.png\" width=\"171\" height=\"137\"\/><\/figure><\/div>\n\n\n\n<p>El 28\/06\/2019 es programa una activitat oberta a tots els p\u00fablics per observar a l&#8217;vespre, l&#8217;entrada de falcons de la reina sobre les pinedes de pi roig al municipi de la Pobla de Tornesa.<\/p>\n\n\n\n<div class=\"wp-block-image\"><figure class=\"alignright is-resized\"><img decoding=\"async\" loading=\"lazy\" src=\"http:\/\/www.internatura.org\/blog\/wp-content\/uploads\/2020\/07\/image-16.png\" alt=\"La imagen tiene un atributo ALT vac\u00edo; su nombre de archivo es image-16.png\" width=\"279\" height=\"140\"\/><\/figure><\/div>\n\n\n\n<p><br> Durant aquesta jornada on van acudir diferents observadors d&#8217;aus, per gaudir de l&#8217;espectacle que donen aquests falcons alimentant d&#8217;insectes volanders sobre les pinedes.  <\/p>\n\n\n\n<div class=\"wp-block-image\"><figure class=\"alignleft size-large is-resized\"><img decoding=\"async\" loading=\"lazy\" src=\"http:\/\/www.internatura.org\/blog\/wp-content\/uploads\/2020\/07\/image-29.png\" alt=\"\" class=\"wp-image-7101\" width=\"144\" height=\"153\" srcset=\"https:\/\/internatura.org\/blog\/wp-content\/uploads\/2020\/07\/image-29.png 282w, https:\/\/internatura.org\/blog\/wp-content\/uploads\/2020\/07\/image-29-141x150.png 141w\" sizes=\"(max-width: 144px) 100vw, 144px\" \/><\/figure><\/div>\n\n\n\n<p><strong>22\/05\/2019<\/strong>.- GER-EA participa en el Coloquio \/ debate de la X Mostra Itinerant de Cinema i V\u00eddeo Ind\u00edgena. Con el tema \u201c<em><strong>Territoris, Lluites y Resist\u00e8ncies<\/strong><\/em>\u201d, junto a Olga Coronado, poble maia mam (Guatemala) y Marixela Ramos, periodista radio Victoria (El Salvador)<\/p>\n\n\n\n<div class=\"wp-block-image\"><figure class=\"alignright size-large is-resized\"><img decoding=\"async\" loading=\"lazy\" src=\"http:\/\/www.internatura.org\/blog\/wp-content\/uploads\/2020\/07\/image-30.png\" alt=\"\" class=\"wp-image-7102\" width=\"186\" height=\"109\" srcset=\"https:\/\/internatura.org\/blog\/wp-content\/uploads\/2020\/07\/image-30.png 160w, https:\/\/internatura.org\/blog\/wp-content\/uploads\/2020\/07\/image-30-150x88.png 150w\" sizes=\"(max-width: 186px) 100vw, 186px\" \/><\/figure><\/div>\n\n\n\n<p><\/p>\n\n\n\n<p>05-07 \/ 10 \/ 2018.- <strong>Celebraci\u00f3 del Dia Mundial de les Aus<\/strong>. Un any m\u00e9s des de l&#8217;GER-EA s&#8217;han programat diverses activitats, dividides en dos blocs: Observaci\u00f3 d&#8217;aus i Informaci\u00f3 sobre les aus i les nostres activitats.<\/p>\n\n\n\n<div class=\"wp-block-image\"><figure class=\"alignleft size-large\"><img decoding=\"async\" loading=\"lazy\" width=\"206\" height=\"166\" src=\"http:\/\/www.internatura.org\/blog\/wp-content\/uploads\/2020\/07\/image-35.png\" alt=\"\" class=\"wp-image-7121\" srcset=\"https:\/\/internatura.org\/blog\/wp-content\/uploads\/2020\/07\/image-35.png 206w, https:\/\/internatura.org\/blog\/wp-content\/uploads\/2020\/07\/image-35-150x121.png 150w, https:\/\/internatura.org\/blog\/wp-content\/uploads\/2020\/07\/image-35-186x150.png 186w\" sizes=\"(max-width: 206px) 100vw, 206px\" \/><\/figure><\/div>\n\n\n\n<p><br> Les activitats que desenvolupem en plena natura s&#8217;han dividit aquest any en tres ambients totalment diferents, d&#8217;una banda, a la platja de Borriana, observant les aus d&#8217;ambient mar\u00ed, el segon en zona marjal Pou de Nules, per veure aus lim\u00edcoles i per \u00faltim en plena muntanya de la Vall d&#8217;Uix\u00f3 on es van identificar diferents aus rapinyaires en pas migratori a el continent afric\u00e0 i en plena S\u00aa d&#8217;Espad\u00e0 en b\u00ba Castell de Castro enmig de bosc d&#8217;alzines sureres.<\/p>\n\n\n\n<div class=\"wp-block-image\"><figure class=\"alignright size-large\"><img decoding=\"async\" loading=\"lazy\" width=\"300\" height=\"225\" src=\"http:\/\/www.internatura.org\/blog\/wp-content\/uploads\/2020\/07\/image-34.png\" alt=\"\" class=\"wp-image-7120\" srcset=\"https:\/\/internatura.org\/blog\/wp-content\/uploads\/2020\/07\/image-34.png 300w, https:\/\/internatura.org\/blog\/wp-content\/uploads\/2020\/07\/image-34-150x113.png 150w, https:\/\/internatura.org\/blog\/wp-content\/uploads\/2020\/07\/image-34-200x150.png 200w\" sizes=\"(max-width: 300px) 100vw, 300px\" \/><\/figure><\/div>\n\n\n\n<p><\/p>\n\n\n\n<p>28\/09 \/ 2018.- <strong>Visita a la menjadora de voltors de Mas de Boix<\/strong> (terme el Boixar), zona on una vegada a la setmana (els divendres), de 11 a 13 h. s&#8217;aporten restes carnis per a les aus carronyeres de la zona, apareixent un cop dipositat l&#8217;aliment centenars de voltors (<em>Gyps fulvus<\/em>) de diferent <\/p>\n\n\n\n<div class=\"wp-block-image\"><figure class=\"alignleft size-large\"><img decoding=\"async\" loading=\"lazy\" width=\"248\" height=\"165\" src=\"http:\/\/www.internatura.org\/blog\/wp-content\/uploads\/2020\/07\/image-36.png\" alt=\"\" class=\"wp-image-7123\" srcset=\"https:\/\/internatura.org\/blog\/wp-content\/uploads\/2020\/07\/image-36.png 248w, https:\/\/internatura.org\/blog\/wp-content\/uploads\/2020\/07\/image-36-150x100.png 150w, https:\/\/internatura.org\/blog\/wp-content\/uploads\/2020\/07\/image-36-225x150.png 225w\" sizes=\"(max-width: 248px) 100vw, 248px\" \/><\/figure><\/div>\n\n\n\n<p>proced\u00e8ncia. A el mateix temps i gran part de l&#8217;any aquesta zona \u00e9s visitats per exemplars de Aufrany (N<em>eophron percnopterus<\/em>), fins i tot alguna vegada s&#8217;ha observat \u00e0guila reial (<em>Aquila chrysaetos<\/em>) i mil\u00e0 negre (<em>Milvus migrans<\/em>).<\/p>\n\n\n\n<div class=\"wp-block-image\"><figure class=\"alignright size-large\"><img decoding=\"async\" loading=\"lazy\" width=\"198\" height=\"179\" src=\"http:\/\/www.internatura.org\/blog\/wp-content\/uploads\/2020\/07\/image-37.png\" alt=\"\" class=\"wp-image-7124\" srcset=\"https:\/\/internatura.org\/blog\/wp-content\/uploads\/2020\/07\/image-37.png 198w, https:\/\/internatura.org\/blog\/wp-content\/uploads\/2020\/07\/image-37-150x136.png 150w, https:\/\/internatura.org\/blog\/wp-content\/uploads\/2020\/07\/image-37-166x150.png 166w\" sizes=\"(max-width: 198px) 100vw, 198px\" \/><\/figure><\/div>\n\n\n\n<p>A el mateix temps la jornada s&#8217;aprofita per llegir algunes marcar alars, sent aquests llocs les millors zones per a la lectura d&#8217;anelles i sobretot les marques alars, algunes molt deteriorades que fa dif\u00edcil la seva lectura si no es llegeix l&#8217;anella de PVC que porten a les urpes.<\/p>\n\n\n\n<p><strong>24\/07 \/ 2018.- Xarrada sobre la Utilitzaci\u00f3 de Drones en l&#8217;estudi de biodiversitat<\/strong>. Impartida al Termet de Vila-real.<br> El mateix dia es realitza entrevista a la R\u00e0dio Vila-real sobre la \u00abutilitzaci\u00f3 de l&#8217;Dron en la conservaci\u00f3 dels rapinyaires\u00bb.<\/p>\n\n\n\n<p>Xarrada realitzada per membres de l&#8217;GER-EA (Lledo, Juanlu i Josep) amb la col\u00b7laboraci\u00f3 de l&#8217;Ajuntament de Vila-real. Lloc El Termet a l&#8217;ermitori de Vila-real<\/p>\n\n\n\n<div class=\"wp-block-image\"><figure class=\"alignright size-large\"><img decoding=\"async\" loading=\"lazy\" width=\"299\" height=\"224\" src=\"http:\/\/www.internatura.org\/blog\/wp-content\/uploads\/2020\/07\/image-41.png\" alt=\"\" class=\"wp-image-7132\" srcset=\"https:\/\/internatura.org\/blog\/wp-content\/uploads\/2020\/07\/image-41.png 299w, https:\/\/internatura.org\/blog\/wp-content\/uploads\/2020\/07\/image-41-150x112.png 150w, https:\/\/internatura.org\/blog\/wp-content\/uploads\/2020\/07\/image-41-200x150.png 200w\" sizes=\"(max-width: 299px) 100vw, 299px\" \/><\/figure><\/div>\n\n\n\n<p><br> Nova xarrada sobre el nostre projecte \u00ab<em>Drones &amp; Rapinyaires<\/em>\u00bb aquesta vegada a la localitat de Vila-real, on hem anat repassant tots els aspectes on s&#8217;utilitzen els drones a nivell mediambiental, tant per a la prevenci\u00f3 d&#8217;incendis forestals, localitzaci\u00f3 de persones perdudes al muntanya, utilitzaci\u00f3 en l&#8217;agricultura ecol\u00f2gica, etc . <\/p>\n\n\n\n<div class=\"wp-block-image\"><figure class=\"alignleft size-large\"><img decoding=\"async\" loading=\"lazy\" width=\"227\" height=\"250\" src=\"http:\/\/www.internatura.org\/blog\/wp-content\/uploads\/2020\/07\/image-42.png\" alt=\"\" class=\"wp-image-7133\" srcset=\"https:\/\/internatura.org\/blog\/wp-content\/uploads\/2020\/07\/image-42.png 227w, https:\/\/internatura.org\/blog\/wp-content\/uploads\/2020\/07\/image-42-136x150.png 136w\" sizes=\"(max-width: 227px) 100vw, 227px\" \/><\/figure><\/div>\n\n\n\n<p>Posteriorment vam explicar el nostre projecte i aportem els primers resultats de l&#8217;estudi en territoris d&#8217;\u00e0guiles abandonats o colonitzats per altres esp\u00e8cies de rapinyaires o corbs.<\/p>\n\n\n\n<p><\/p>\n\n\n\n<p><strong>20\/07 \/ 2018.<\/strong>&#8211; <strong>Xarrada sobre el falc\u00f3 de la reina a la Pobla de Tornesa<\/strong> costat de SEO i organitzada pel P.N. Desert de les Palmes.<\/p>\n\n\n\n<figure class=\"wp-block-image size-large\"><img decoding=\"async\" loading=\"lazy\" width=\"560\" height=\"358\" src=\"http:\/\/www.internatura.org\/blog\/wp-content\/uploads\/2020\/07\/image-43.png\" alt=\"\" class=\"wp-image-7135\" srcset=\"https:\/\/internatura.org\/blog\/wp-content\/uploads\/2020\/07\/image-43.png 560w, https:\/\/internatura.org\/blog\/wp-content\/uploads\/2020\/07\/image-43-300x192.png 300w, https:\/\/internatura.org\/blog\/wp-content\/uploads\/2020\/07\/image-43-150x96.png 150w, https:\/\/internatura.org\/blog\/wp-content\/uploads\/2020\/07\/image-43-235x150.png 235w\" sizes=\"(max-width: 560px) 100vw, 560px\" \/><\/figure>\n\n\n\n<p>20\/07 \/ 2018.- Xarrada realitzada per Pablo Vera (SEO) i Josep Bort (GER-EA) a la Pobla de Tornesa<br> De nou s&#8217;ha organitzat una nova sessi\u00f3 (xarrada + activitat en el camp), per con\u00e8ixer i observar els falcons reina (<em>Falco eleonorae<\/em>) alimentant-se a l&#8217;vespre a les pinedes de l&#8217;P.N. Desert de les Palmes, al terme de la Pobla de Tornesa.<br> <\/p>\n\n\n\n<div class=\"wp-block-image\"><figure class=\"alignright size-large\"><img decoding=\"async\" loading=\"lazy\" width=\"322\" height=\"461\" src=\"http:\/\/www.internatura.org\/blog\/wp-content\/uploads\/2020\/07\/image-44.png\" alt=\"\" class=\"wp-image-7136\" srcset=\"https:\/\/internatura.org\/blog\/wp-content\/uploads\/2020\/07\/image-44.png 322w, https:\/\/internatura.org\/blog\/wp-content\/uploads\/2020\/07\/image-44-210x300.png 210w, https:\/\/internatura.org\/blog\/wp-content\/uploads\/2020\/07\/image-44-105x150.png 105w\" sizes=\"(max-width: 322px) 100vw, 322px\" \/><\/figure><\/div>\n\n\n\n<p>L&#8217;activitat va ser organitzada pel P.N. de l&#8217;Desert, i impartida les xarrades per Pablo Vera de SEO-birdlife i Josep Bort de l&#8217;GER-EA, explicant diversos aspectes de la biologia d&#8217;aquesta rapinyaire insular, retardant el per\u00edode reproductiu (agost-setembre) a el pas migratori dels passeriformes, que serveixen d&#8217;aliments als seus pollets, perqu\u00e8 el octubre estiguin forts i puguin emprendre el viatge migratori fins a la Illa de Madagascar on passaran l&#8217;hivern.<\/p>\n\n\n\n<p><\/p>\n\n\n\n<div class=\"wp-block-image\"><figure class=\"alignleft size-large\"><img decoding=\"async\" loading=\"lazy\" width=\"268\" height=\"201\" src=\"http:\/\/www.internatura.org\/blog\/wp-content\/uploads\/2020\/07\/image-50.png\" alt=\"\" class=\"wp-image-7146\" srcset=\"https:\/\/internatura.org\/blog\/wp-content\/uploads\/2020\/07\/image-50.png 268w, https:\/\/internatura.org\/blog\/wp-content\/uploads\/2020\/07\/image-50-150x113.png 150w, https:\/\/internatura.org\/blog\/wp-content\/uploads\/2020\/07\/image-50-200x150.png 200w\" sizes=\"(max-width: 268px) 100vw, 268px\" \/><\/figure><\/div>\n\n\n\n<p><strong>25-27 \/ 05 \/ 2018<\/strong>.- Participaci\u00f3 en la Campanya Internacional de neteja de platges \u00ab<em><strong>CLEAN UP THE SEA<\/strong><\/em>\u00ab. On vam realitzar una neteja simb\u00f2lica a la zona coneguda com \u00abLa Pola\u00bb a la banda de la desembocadura de l&#8217;riu Millars, col\u00b7laborant amb diverses organitzacions.<\/p>\n\n\n\n<div class=\"wp-block-image\"><figure class=\"alignright size-large\"><img decoding=\"async\" loading=\"lazy\" width=\"268\" height=\"201\" src=\"http:\/\/www.internatura.org\/blog\/wp-content\/uploads\/2020\/07\/image-51.png\" alt=\"\" class=\"wp-image-7147\" srcset=\"https:\/\/internatura.org\/blog\/wp-content\/uploads\/2020\/07\/image-51.png 268w, https:\/\/internatura.org\/blog\/wp-content\/uploads\/2020\/07\/image-51-150x113.png 150w, https:\/\/internatura.org\/blog\/wp-content\/uploads\/2020\/07\/image-51-200x150.png 200w\" sizes=\"(max-width: 268px) 100vw, 268px\" \/><\/figure><\/div>\n\n\n\n<p><br><a href=\"https:\/\/spip.ecologistasenaccion.org\/IMG\/pdf\/informe-basuras-playas.pdf\"> https:\/\/es.euronews.com\/2018\/09\/14\/world-cleanup-day-2018-la-mayor-jornada-de-limpieza-de-basura-de-la-historia<\/a><\/p>\n\n\n\n<p><strong>21-04-2018.- Taller \u00e1guila de panxa blanca<\/strong>. <\/p>\n\n\n\n<div class=\"wp-block-image\"><figure class=\"alignleft size-large is-resized\"><img decoding=\"async\" loading=\"lazy\" src=\"http:\/\/www.internatura.org\/blog\/wp-content\/uploads\/2020\/07\/image-55.png\" alt=\"\" class=\"wp-image-7155\" width=\"276\" height=\"207\" srcset=\"https:\/\/internatura.org\/blog\/wp-content\/uploads\/2020\/07\/image-55.png 343w, https:\/\/internatura.org\/blog\/wp-content\/uploads\/2020\/07\/image-55-300x225.png 300w, https:\/\/internatura.org\/blog\/wp-content\/uploads\/2020\/07\/image-55-150x112.png 150w, https:\/\/internatura.org\/blog\/wp-content\/uploads\/2020\/07\/image-55-200x150.png 200w\" sizes=\"(max-width: 276px) 100vw, 276px\" \/><\/figure><\/div>\n\n\n\n<p>Explicaci\u00f3 de el projecte de Recuperaci\u00f3 de territoris abandonats d&#8217;\u00e0guila cuabarrada. En aquesta activitat es va aprofitar per fer difusi\u00f3 de la mala situaci\u00f3 que passa la poblaci\u00f3 d&#8217;\u00e0guila cuabarrada a Castell\u00f3. Ensenyant als m\u00e9s petits com identificar aquesta esp\u00e8cie i la gran necessitat de protegir-la, sent els mateixos habitants de la zona els m\u00e9s beneficiats.<\/p>\n\n\n\n<p><strong>21\/04 \/ 2018.- Taller observaci\u00f3 d&#8217;aus.- Al terme municipal de Borriol<\/strong> de 9 a 13 h. Activitat realitzada dins el pilar \u00abEducaci\u00f3 Ambiental\u00bb, destacant els aspectes fonamentals de la import\u00e0ncia de la conservaci\u00f3 i recuperaci\u00f3 dels ecosistemes castellonencs i l&#8217;observaci\u00f3 i protecci\u00f3 d&#8217;aus rapinyaires com l&#8217;\u00e0guila de panxa blanca. En total ens vam ajuntar 25 persones entre adults i nens.<\/p>\n\n\n\n<figure class=\"wp-block-image size-large\"><img decoding=\"async\" loading=\"lazy\" width=\"567\" height=\"495\" src=\"http:\/\/www.internatura.org\/blog\/wp-content\/uploads\/2020\/07\/image-56.png\" alt=\"\" class=\"wp-image-7157\" srcset=\"https:\/\/internatura.org\/blog\/wp-content\/uploads\/2020\/07\/image-56.png 567w, https:\/\/internatura.org\/blog\/wp-content\/uploads\/2020\/07\/image-56-300x262.png 300w, https:\/\/internatura.org\/blog\/wp-content\/uploads\/2020\/07\/image-56-150x131.png 150w, https:\/\/internatura.org\/blog\/wp-content\/uploads\/2020\/07\/image-56-172x150.png 172w\" sizes=\"(max-width: 567px) 100vw, 567px\" \/><\/figure>\n\n\n\n<p><strong>Xarla de Rapinyaires a Borriol<\/strong><\/p>\n\n\n\n<p>28\/01 \/ 2018.- Dins del nostre pilar d&#8217;Informaci\u00f3-Sensibilitzaci\u00f3-Formaci\u00f3-Educaci\u00f3 Ambiental, impartim una xarrada sobre \u00abEls rapinyaires a les comarques de Castell\u00f3. El cas de Borriol \u00ab, organitzat per l&#8217;Ajuntament de Borriol i la Colla Esp\u00edgol.<\/p>\n\n\n\n<div class=\"wp-block-image\"><figure class=\"aligncenter size-large\"><img decoding=\"async\" loading=\"lazy\" width=\"567\" height=\"319\" src=\"http:\/\/www.internatura.org\/blog\/wp-content\/uploads\/2020\/07\/image-65.png\" alt=\"\" class=\"wp-image-7172\" srcset=\"https:\/\/internatura.org\/blog\/wp-content\/uploads\/2020\/07\/image-65.png 567w, https:\/\/internatura.org\/blog\/wp-content\/uploads\/2020\/07\/image-65-300x169.png 300w, https:\/\/internatura.org\/blog\/wp-content\/uploads\/2020\/07\/image-65-150x84.png 150w, https:\/\/internatura.org\/blog\/wp-content\/uploads\/2020\/07\/image-65-250x141.png 250w\" sizes=\"(max-width: 567px) 100vw, 567px\" \/><\/figure><\/div>\n\n\n\n<p><\/p>\n\n\n\n<p><strong>EXCURSIONS I VIATGES DEL GER<\/strong><\/p>\n\n\n\n<p><strong>Visita a l&#8217;Xorrador de Zucaina<\/strong><\/p>\n\n\n\n<p class=\"has-text-align-left\"><img decoding=\"async\" loading=\"lazy\" width=\"675\" height=\"900\" class=\"wp-image-7019\" style=\"width: 250px;\" src=\"http:\/\/www.internatura.org\/blog\/wp-content\/uploads\/2020\/07\/Zucaina-Xorrador-IMG-20200707-WA0006.jpg\" alt=\"\" srcset=\"https:\/\/internatura.org\/blog\/wp-content\/uploads\/2020\/07\/Zucaina-Xorrador-IMG-20200707-WA0006.jpg 675w, https:\/\/internatura.org\/blog\/wp-content\/uploads\/2020\/07\/Zucaina-Xorrador-IMG-20200707-WA0006-225x300.jpg 225w, https:\/\/internatura.org\/blog\/wp-content\/uploads\/2020\/07\/Zucaina-Xorrador-IMG-20200707-WA0006-113x150.jpg 113w\" sizes=\"(max-width: 675px) 100vw, 675px\" \/><br> El passat dia 09\/06\/2020  ens vam despla\u00e7ar a veure el Xorrador de Zucaina, on vam poder gaudir d&#8217;una gran cascada d&#8217;aigua, situada a la part inferior amb vint metres de queia, a m\u00e9s en la part superior d&#8217;aquesta es poden veure altres caigudes d&#8217;aigua de menor altura .<img decoding=\"async\" loading=\"lazy\" width=\"1488\" height=\"1984\" class=\"wp-image-7024\" style=\"width: 250px;\" src=\"http:\/\/www.internatura.org\/blog\/wp-content\/uploads\/2020\/07\/Zucaina-IMG-20200609-WA0011-1.jpg\" alt=\"\" srcset=\"https:\/\/internatura.org\/blog\/wp-content\/uploads\/2020\/07\/Zucaina-IMG-20200609-WA0011-1.jpg 1488w, https:\/\/internatura.org\/blog\/wp-content\/uploads\/2020\/07\/Zucaina-IMG-20200609-WA0011-1-225x300.jpg 225w, https:\/\/internatura.org\/blog\/wp-content\/uploads\/2020\/07\/Zucaina-IMG-20200609-WA0011-1-768x1024.jpg 768w, https:\/\/internatura.org\/blog\/wp-content\/uploads\/2020\/07\/Zucaina-IMG-20200609-WA0011-1-1152x1536.jpg 1152w, https:\/\/internatura.org\/blog\/wp-content\/uploads\/2020\/07\/Zucaina-IMG-20200609-WA0011-1-113x150.jpg 113w\" sizes=\"(max-width: 1488px) 100vw, 1488px\" \/><br> Aquesta quantitat d&#8217;aigua ha estat afavorides per les tempestes de l&#8217;Gl\u00f2ria, on moltes fonts, rierols, cascades i rius, han vist els seus cabals enormement augmentats.<img decoding=\"async\" loading=\"lazy\" width=\"616\" height=\"900\" class=\"wp-image-7020\" style=\"width: 250px;\" src=\"http:\/\/www.internatura.org\/blog\/wp-content\/uploads\/2020\/07\/Zucaina-Xorrador-IMG-20200610-WA0009.jpg\" alt=\"\" srcset=\"https:\/\/internatura.org\/blog\/wp-content\/uploads\/2020\/07\/Zucaina-Xorrador-IMG-20200610-WA0009.jpg 616w, https:\/\/internatura.org\/blog\/wp-content\/uploads\/2020\/07\/Zucaina-Xorrador-IMG-20200610-WA0009-205x300.jpg 205w, https:\/\/internatura.org\/blog\/wp-content\/uploads\/2020\/07\/Zucaina-Xorrador-IMG-20200610-WA0009-103x150.jpg 103w\" sizes=\"(max-width: 616px) 100vw, 616px\" \/><br> En aquest mateix lloc ens desplacem al mes de gener de l&#8217;any 2020 i estava totalment sec i amb l&#8217;acc\u00e9s molt deteriorat. En aquesta \u00faltima visita s&#8217;han posat panells d&#8217;informaci\u00f3 i la senda sigui condicionat amb troncs, esglaons i cables, facilitant l&#8217;acc\u00e9s a totes les persones i fam\u00edlies.<\/p>\n\n\n\n<p> <strong>Viatge a la Llacuna de Gallocanta.<\/strong> <strong>De l&#8217;14 al l&#8217;16-desembre-2019.- <\/strong><\/p>\n\n\n\n<p> Es parla amb la gent de centre d&#8217;interpretaci\u00f3 i ens comenten que hi ha a hores d&#8217;ara unes 14.000 grues a la zona, a part d&#8217;altres esp\u00e8cies d&#8217;aus molt interessants.<\/p>\n\n\n\n<div class=\"wp-block-image\"><figure class=\"alignleft size-large is-resized\"><img decoding=\"async\" loading=\"lazy\" src=\"http:\/\/www.internatura.org\/blog\/wp-content\/uploads\/2020\/07\/image-2.png\" alt=\"\" class=\"wp-image-7029\" width=\"216\" height=\"129\" srcset=\"https:\/\/internatura.org\/blog\/wp-content\/uploads\/2020\/07\/image-2.png 257w, https:\/\/internatura.org\/blog\/wp-content\/uploads\/2020\/07\/image-2-150x90.png 150w, https:\/\/internatura.org\/blog\/wp-content\/uploads\/2020\/07\/image-2-250x150.png 250w\" sizes=\"(max-width: 216px) 100vw, 216px\" \/><\/figure><\/div>\n\n\n\n<p>Gallocanta poble, grup de grues ( <a href=\"http:\/\/www.internatura.org\/aocv\/ficha.php?idesp=100\"><em>Grus grus<\/em><\/a> )<\/p>\n\n\n\n<figure class=\"wp-block-image size-large is-resized\"><img decoding=\"async\" loading=\"lazy\" src=\"http:\/\/www.internatura.org\/blog\/wp-content\/uploads\/2020\/07\/image-3.png\" alt=\"\" class=\"wp-image-7030\" width=\"270\" height=\"142\" srcset=\"https:\/\/internatura.org\/blog\/wp-content\/uploads\/2020\/07\/image-3.png 368w, https:\/\/internatura.org\/blog\/wp-content\/uploads\/2020\/07\/image-3-300x157.png 300w, https:\/\/internatura.org\/blog\/wp-content\/uploads\/2020\/07\/image-3-150x79.png 150w, https:\/\/internatura.org\/blog\/wp-content\/uploads\/2020\/07\/image-3-250x131.png 250w\" sizes=\"(max-width: 270px) 100vw, 270px\" \/><\/figure>\n\n\n\n<p><\/p>\n\n\n\n<div class=\"wp-block-image\"><figure class=\"alignleft size-large is-resized\"><img decoding=\"async\" loading=\"lazy\" src=\"http:\/\/www.internatura.org\/blog\/wp-content\/uploads\/2020\/07\/image-4.png\" alt=\"\" class=\"wp-image-7031\" width=\"211\" height=\"166\" srcset=\"https:\/\/internatura.org\/blog\/wp-content\/uploads\/2020\/07\/image-4.png 261w, https:\/\/internatura.org\/blog\/wp-content\/uploads\/2020\/07\/image-4-150x118.png 150w, https:\/\/internatura.org\/blog\/wp-content\/uploads\/2020\/07\/image-4-191x150.png 191w\" sizes=\"(max-width: 211px) 100vw, 211px\" \/><\/figure><\/div>\n\n\n\n<figure class=\"wp-block-image size-large is-resized\"><img decoding=\"async\" loading=\"lazy\" src=\"http:\/\/www.internatura.org\/blog\/wp-content\/uploads\/2020\/07\/image-5.png\" alt=\"\" class=\"wp-image-7032\" width=\"210\" height=\"171\" srcset=\"https:\/\/internatura.org\/blog\/wp-content\/uploads\/2020\/07\/image-5.png 251w, https:\/\/internatura.org\/blog\/wp-content\/uploads\/2020\/07\/image-5-150x122.png 150w, https:\/\/internatura.org\/blog\/wp-content\/uploads\/2020\/07\/image-5-185x150.png 185w\" sizes=\"(max-width: 210px) 100vw, 210px\" \/><figcaption><em>grua jove<\/em><\/figcaption><\/figure>\n\n\n\n<p><em>Difer\u00e8ncies entre grues adultes i joves.<\/em><br>La Llacuna est\u00e0 gaireb\u00e9 totalment seca, nom\u00e9s s&#8217;observen algunes petites basses on es concentren gran quantitat d&#8217;an\u00e0tids, identificant: \u00e0nec cuallarg, \u00e0nec collverd, xarxet com\u00fa, \u00c0nec blanc.<\/p>\n\n\n\n<p><strong>Viatge a observar cabres salvatges a Xert<\/strong><\/p>\n\n\n\n<div class=\"wp-block-image\"><figure class=\"alignleft size-large\"><img decoding=\"async\" loading=\"lazy\" width=\"342\" height=\"306\" src=\"http:\/\/www.internatura.org\/blog\/wp-content\/uploads\/2020\/07\/image-7.png\" alt=\"\" class=\"wp-image-7036\" srcset=\"https:\/\/internatura.org\/blog\/wp-content\/uploads\/2020\/07\/image-7.png 342w, https:\/\/internatura.org\/blog\/wp-content\/uploads\/2020\/07\/image-7-300x268.png 300w, https:\/\/internatura.org\/blog\/wp-content\/uploads\/2020\/07\/image-7-150x134.png 150w, https:\/\/internatura.org\/blog\/wp-content\/uploads\/2020\/07\/image-7-168x150.png 168w\" sizes=\"(max-width: 342px) 100vw, 342px\" \/><\/figure><\/div>\n\n\n\n<p> El 06\/11\/2019, ens desplacem a observar cabra salvatge a Xert. A el principi de el dia a la pedrera de Xert, vam veure molt poques cabres alguns petits grups entre 6 i 10 exemplars estirats a les pedreres i alguns amagats sota les alzines, de femelles, bocs i algun mascle petit. A mesura que anava passant el dia, an\u00e0vem observant petits grups per\u00f2 cap amb mascles grans. Nom\u00e9s a partir de les 18 h, vam comen\u00e7ar a veure aquests exemplars de 10-13 anys, que anaven despla\u00e7ant en una \u00fanica direcci\u00f3, a al final on anaven era a reunir-se i comen\u00e7ar les <\/p>\n\n\n\n<div class=\"wp-block-image\"><figure class=\"alignright\"><img decoding=\"async\" src=\"http:\/\/www.internatura.org\/blog\/wp-content\/uploads\/2020\/07\/image-8.png\" alt=\"La imagen tiene un atributo ALT vac\u00edo; su nombre de archivo es image-8.png\"\/><\/figure><\/div>\n\n\n\n<p>baralles i xocs de banyes demostrant el poder de cada un, un vegada de nit igual com van venir van marxar, per\u00f2 ens van deixar amb la boca oberta, cosa poc freq\u00fcent per als ulls dels observadors d&#8217;animals.<\/p>\n\n\n\n<p><\/p>\n\n\n\n<p>A final de novembre vam tornar a repetir el viatge per\u00f2 vam mascle ja no es van concentrar i nom\u00e9s vam poder veure grup familiars de 10-20 cabres salvatges amb un o dos mascles grans darrere de les femelles. <\/p>\n\n\n\n<figure class=\"wp-block-image size-large\"><img decoding=\"async\" loading=\"lazy\" width=\"652\" height=\"302\" src=\"http:\/\/www.internatura.org\/blog\/wp-content\/uploads\/2020\/07\/image-6.png\" alt=\"\" class=\"wp-image-7035\" srcset=\"https:\/\/internatura.org\/blog\/wp-content\/uploads\/2020\/07\/image-6.png 652w, https:\/\/internatura.org\/blog\/wp-content\/uploads\/2020\/07\/image-6-300x139.png 300w, https:\/\/internatura.org\/blog\/wp-content\/uploads\/2020\/07\/image-6-150x69.png 150w, https:\/\/internatura.org\/blog\/wp-content\/uploads\/2020\/07\/image-6-250x116.png 250w\" sizes=\"(max-width: 652px) 100vw, 652px\" \/><\/figure>\n\n\n\n<p><strong>Viatge al menjador de voltors de Castell de Cabres.<\/strong><br> <\/p>\n\n\n\n<div class=\"wp-block-image\"><figure class=\"alignleft size-large\"><img decoding=\"async\" loading=\"lazy\" width=\"219\" height=\"205\" src=\"http:\/\/www.internatura.org\/blog\/wp-content\/uploads\/2020\/07\/image-9.png\" alt=\"\" class=\"wp-image-7045\" srcset=\"https:\/\/internatura.org\/blog\/wp-content\/uploads\/2020\/07\/image-9.png 219w, https:\/\/internatura.org\/blog\/wp-content\/uploads\/2020\/07\/image-9-150x140.png 150w, https:\/\/internatura.org\/blog\/wp-content\/uploads\/2020\/07\/image-9-160x150.png 160w\" sizes=\"(max-width: 219px) 100vw, 219px\" \/><\/figure><\/div>\n\n\n\n<p>El 21\/09\/2019, es visita la menjadora de voltors amb una doble intenci\u00f3, una per gaudir del gran espectacle dels centenars de voltors arribant i desplomant des del cel per caure sobre la menjadora que el guarda col\u00b7locava amb el seu cami\u00f3 i baixava els cad\u00e0vers morts, a m\u00e9s el segon objectiu era la lectura de marques alars i anelles que portaven alguns voltors.<br><\/p>\n\n\n\n<div class=\"wp-block-image\"><figure class=\"alignright size-large\"><img decoding=\"async\" loading=\"lazy\" width=\"247\" height=\"165\" src=\"http:\/\/www.internatura.org\/blog\/wp-content\/uploads\/2020\/07\/image-10.png\" alt=\"\" class=\"wp-image-7046\" srcset=\"https:\/\/internatura.org\/blog\/wp-content\/uploads\/2020\/07\/image-10.png 247w, https:\/\/internatura.org\/blog\/wp-content\/uploads\/2020\/07\/image-10-150x100.png 150w, https:\/\/internatura.org\/blog\/wp-content\/uploads\/2020\/07\/image-10-225x150.png 225w\" sizes=\"(max-width: 247px) 100vw, 247px\" \/><\/figure><\/div>\n\n\n\n<p> Comencem amb un dia de molta boira, que pr\u00e0cticament no es veia el cel, despr\u00e9s de romandre diverses hores al refugi, el cel es va aclarir i van comen\u00e7ar a arribar els voltors, a la fi calculem que entraria a menjar uns 400-450 voltors.<\/p>\n\n\n\n<p><strong>Viatge a Cant\u00e0bria<\/strong> <\/p>\n\n\n\n<div class=\"wp-block-image\"><figure class=\"alignleft size-large is-resized\"><img decoding=\"async\" loading=\"lazy\" src=\"http:\/\/www.internatura.org\/blog\/wp-content\/uploads\/2020\/07\/image-11.png\" alt=\"\" class=\"wp-image-7050\" width=\"260\" height=\"330\" srcset=\"https:\/\/internatura.org\/blog\/wp-content\/uploads\/2020\/07\/image-11.png 282w, https:\/\/internatura.org\/blog\/wp-content\/uploads\/2020\/07\/image-11-236x300.png 236w, https:\/\/internatura.org\/blog\/wp-content\/uploads\/2020\/07\/image-11-118x150.png 118w\" sizes=\"(max-width: 260px) 100vw, 260px\" \/><\/figure><\/div>\n\n\n\n<p>De el 9 a l&#8217;14\/09 \/ 2019. Es realitzen diferents itineraris per Pics d&#8217;Europa, gaudint no nom\u00e9s de la naturalesa sin\u00f3 de la cultura de l&#8217;rom\u00e0nic o els Menhirs.<br> Diferents panor\u00e0miques on vam gaudir de les pres\u00e8ncia de rapinyaires volant, especialment voltors i \u00e0guiles cal\u00e7ades, que es va unir a la gastronomia de la zona i les llargues xerrades amb els amics, un viatge inoblidable.<\/p>\n\n\n\n<p><\/p>\n\n\n\n<p><strong>Viatge a la marjal de Peniscola.<\/strong><\/p>\n\n\n\n<div class=\"wp-block-image\"><figure class=\"alignleft size-large\"><img decoding=\"async\" loading=\"lazy\" width=\"227\" height=\"171\" src=\"http:\/\/www.internatura.org\/blog\/wp-content\/uploads\/2020\/07\/image-12.png\" alt=\"\" class=\"wp-image-7053\" srcset=\"https:\/\/internatura.org\/blog\/wp-content\/uploads\/2020\/07\/image-12.png 227w, https:\/\/internatura.org\/blog\/wp-content\/uploads\/2020\/07\/image-12-150x113.png 150w, https:\/\/internatura.org\/blog\/wp-content\/uploads\/2020\/07\/image-12-199x150.png 199w\" sizes=\"(max-width: 227px) 100vw, 227px\" \/><\/figure><\/div>\n\n\n\n<p>El passat 6 de setembre-19 vam realitzar una excursi\u00f3 a la marjal de Pen\u00edscola, la sorbresa va ser molt garn d&#8217;veure el total aband\u00f3 i deteriorament dels cartells de la marjal com dels observatoris i sobretot de la gran quantitat d&#8217;escombraries abocada sobre l&#8217;aigua .<br> <\/p>\n\n\n\n<div class=\"wp-block-image\"><figure class=\"alignright\"><img decoding=\"async\" src=\"http:\/\/www.internatura.org\/blog\/wp-content\/uploads\/2020\/07\/image-13.png\" alt=\"La imagen tiene un atributo ALT vac\u00edo; su nombre de archivo es image-13.png\"\/><\/figure><\/div>\n\n\n\n<p>Un viatge en el qual es va demostrar, que les nostres administracions locals (ajuntaments) i regionals (Conselleria de Medi Ambient), passen <\/p>\n\n\n\n<p>ol\u00edmpicament dels enclavaments naturals i el seu manteniment i <\/p>\n\n\n\n<p>conservaci\u00f3, simplement es limiten a invertir una gran quantitat de diners, posar els cartells , fer les fotos i despr\u00e9s que es podreixca. Des d&#8217;aqu\u00ed volem denunciar aquests comportaments que es desenvolupen per tota la prov\u00edncia.<\/p>\n\n\n\n<p><strong>Viaje a Asturias<\/strong><\/p>\n\n\n\n<p>A mitjans d&#8217;agost ens desplacem per veure el centre de cria d&#8217;\u00e0guila peixatera a nord Provincal (Ast\u00faries),<\/p>\n\n\n\n<figure class=\"wp-block-image size-large\"><img decoding=\"async\" loading=\"lazy\" width=\"400\" height=\"200\" src=\"http:\/\/www.internatura.org\/blog\/wp-content\/uploads\/2020\/07\/image-14.png\" alt=\"\" class=\"wp-image-7059\" srcset=\"https:\/\/internatura.org\/blog\/wp-content\/uploads\/2020\/07\/image-14.png 400w, https:\/\/internatura.org\/blog\/wp-content\/uploads\/2020\/07\/image-14-300x150.png 300w, https:\/\/internatura.org\/blog\/wp-content\/uploads\/2020\/07\/image-14-150x75.png 150w, https:\/\/internatura.org\/blog\/wp-content\/uploads\/2020\/07\/image-14-250x125.png 250w\" sizes=\"(max-width: 400px) 100vw, 400px\" \/><\/figure>\n\n\n\n<p><\/p>\n\n\n\n<p><strong>Visita al menjador de voltors de Mas de Boix a Castell de Cabres.<\/strong>  <br> <\/p>\n\n\n\n<div class=\"wp-block-image\"><figure class=\"alignleft size-large\"><img decoding=\"async\" loading=\"lazy\" width=\"389\" height=\"219\" src=\"http:\/\/www.internatura.org\/blog\/wp-content\/uploads\/2020\/07\/image-31.png\" alt=\"\" class=\"wp-image-7104\" srcset=\"https:\/\/internatura.org\/blog\/wp-content\/uploads\/2020\/07\/image-31.png 389w, https:\/\/internatura.org\/blog\/wp-content\/uploads\/2020\/07\/image-31-300x169.png 300w, https:\/\/internatura.org\/blog\/wp-content\/uploads\/2020\/07\/image-31-150x84.png 150w, https:\/\/internatura.org\/blog\/wp-content\/uploads\/2020\/07\/image-31-250x141.png 250w\" sizes=\"(max-width: 389px) 100vw, 389px\" \/><\/figure><\/div>\n\n\n\n<p>El d\u00eda 11\/01\/2019 et realitzem la visita Llu\u00eds Bort, Sergi Marza, Juanvi Capella i Josep Bort. membres de l&#8217;GER. Estem en el lloc des de les 11 fins a les 15 h., A causa de que el menjar per als voltors s&#8217;ha retardat.<br> En total comptabilitzem uns 400 voltors comuns. I llegim algunes marques alars de color groc: UAN; U89; U81; U9M; UCO; VUA; 181;<\/p>\n\n\n\n<p><strong>Viatge Andujar<\/strong><\/p>\n\n\n\n<p> 30\/12\/2018.- Amb la intenci\u00f3 de veure a l&#8217;Linx ib\u00e8ric (<em>Lynx pardina<\/em>), esp\u00e8cie considerada com en \u00ab<em>Perill cr\u00edtic d&#8217;extinci\u00f3<\/em>\u00ab. \u00c9s l&#8217;esp\u00e8cie pr\u00e0cticament m\u00e9s amena\u00e7ada de el m\u00f3n. En els \u00faltims anys la poblaci\u00f3 ha anat augmentant comptabilitzant en l&#8217;actualitat uns 600 indv, en diferents poblacions d&#8217;Andalusia. El gran problema que actualment presenta, a part de la ca\u00e7a furtiva s\u00f3n els atropellaments a les carreteres, arribant a xifres entre 30 i 40 linxs morts a l&#8217;any. A la Comunitat Valenciana i en concret a Castell\u00f3 no s&#8217;ha pogut confirmar l&#8217;esp\u00e8cie encara hi existeix cap comentari d&#8217;camperols i gent dels pobles que podrien indicar la seva pres\u00e8ncia a alguna zona d&#8217;interior. <\/p>\n\n\n\n<figure class=\"wp-block-image size-large\"><img decoding=\"async\" loading=\"lazy\" width=\"484\" height=\"302\" src=\"http:\/\/www.internatura.org\/blog\/wp-content\/uploads\/2020\/07\/image-33.png\" alt=\"\" class=\"wp-image-7117\" srcset=\"https:\/\/internatura.org\/blog\/wp-content\/uploads\/2020\/07\/image-33.png 484w, https:\/\/internatura.org\/blog\/wp-content\/uploads\/2020\/07\/image-33-300x187.png 300w, https:\/\/internatura.org\/blog\/wp-content\/uploads\/2020\/07\/image-33-150x94.png 150w, https:\/\/internatura.org\/blog\/wp-content\/uploads\/2020\/07\/image-33-240x150.png 240w\" sizes=\"(max-width: 484px) 100vw, 484px\" \/><\/figure>\n\n\n\n<p>Cadell de linx ib\u00e8ric (Foto Eug\u00e8nia Claramonte)<\/p>\n\n\n\n<p><strong> Viatge a la Llacuna de Gallocanta <\/strong><\/p>\n\n\n\n<p>De el 05 a el 08\/12 \/ 2018.-   Viatge a la Llacuna de Gallocanta a observar grues i aus aqu\u00e0tiques.  <\/p>\n\n\n\n<p>Es programar un viatge de tres dies per a l&#8217;observaci\u00f3 d&#8217;aus a les diferents zones de la Llacuna de Gallocanta, gaudint de l&#8217;observaci\u00f3 de les grues amb m\u00e9s de 30.000 individus presents a la zona, a m\u00e9s de m\u00faltiples \u00e0necs destacant l&#8217;\u00e0nec blanc (<em>Tadorna tadorna<\/em>), afavorida per la gran quantitat d&#8217;aigua a la llacuna, a m\u00e9s vam poder veure de lluny un mussol campestre (<em>Asio flammeus<\/em>), diversos arpelles, busardos aligot, xoriguers vulgars etc ..<\/p>\n\n\n\n<p>20\/08 \/ 2018.- <strong>Viatge a Ast\u00faries<\/strong> \u00abBuscant a l&#8217;\u00f3s bru\u00bb<br> <\/p>\n\n\n\n<div class=\"wp-block-image\"><figure class=\"alignleft size-large\"><img decoding=\"async\" loading=\"lazy\" width=\"175\" height=\"134\" src=\"http:\/\/www.internatura.org\/blog\/wp-content\/uploads\/2020\/07\/image-39.png\" alt=\"\" class=\"wp-image-7127\" srcset=\"https:\/\/internatura.org\/blog\/wp-content\/uploads\/2020\/07\/image-39.png 175w, https:\/\/internatura.org\/blog\/wp-content\/uploads\/2020\/07\/image-39-150x115.png 150w\" sizes=\"(max-width: 175px) 100vw, 175px\" \/><\/figure><\/div>\n\n\n\n<p>Es realitza viatge a la zona de Somiedo per intentar veure a l&#8217;\u00f3s bru en plena llibertat, aquest cop al costat de la Eug\u00e8nia Claramonte (membre del GER). <\/p>\n\n\n\n<p><\/p>\n\n\n\n<div class=\"wp-block-image\"><figure class=\"alignright size-large\"><img decoding=\"async\" loading=\"lazy\" width=\"264\" height=\"227\" src=\"http:\/\/www.internatura.org\/blog\/wp-content\/uploads\/2020\/07\/image-40.png\" alt=\"\" class=\"wp-image-7130\" srcset=\"https:\/\/internatura.org\/blog\/wp-content\/uploads\/2020\/07\/image-40.png 264w, https:\/\/internatura.org\/blog\/wp-content\/uploads\/2020\/07\/image-40-150x129.png 150w, https:\/\/internatura.org\/blog\/wp-content\/uploads\/2020\/07\/image-40-174x150.png 174w\" sizes=\"(max-width: 264px) 100vw, 264px\" \/><\/figure><\/div>\n\n\n\n<p>De l&#8217;19 a l&#8217;23 \/08\/2018.- <strong>Viatge a Tarifa,<\/strong> P.N. Alcornocares i Andujar.<br> S&#8217;aprofita el viatge per fer diverses jornades de migraci\u00f3 postnupcial d&#8217;aus. En els punts d&#8217;observaci\u00f3 a Tarifa observant com centenars d&#8217;aus creuen l&#8217;Estret de Gibraltar, podent observar grups de cigonyes i altres rapinyaires creuant entre els cables de les l\u00ednies el\u00e8ctriques i els parc e\u00f2lics de la zona.<\/p>\n\n\n\n<p>De l&#8217;14 a el 17 de juny <strong>Visita a P.N. Aiguamoll de l&#8217;Empord\u00e0 &#8211; Cadaqu\u00e9s i Cap de Creus<\/strong>.  <\/p>\n\n\n\n<div class=\"wp-block-image\"><figure class=\"alignleft size-large\"><img decoding=\"async\" loading=\"lazy\" width=\"279\" height=\"290\" src=\"http:\/\/www.internatura.org\/blog\/wp-content\/uploads\/2020\/07\/image-49.png\" alt=\"\" class=\"wp-image-7144\" srcset=\"https:\/\/internatura.org\/blog\/wp-content\/uploads\/2020\/07\/image-49.png 279w, https:\/\/internatura.org\/blog\/wp-content\/uploads\/2020\/07\/image-49-144x150.png 144w\" sizes=\"(max-width: 279px) 100vw, 279px\" \/><\/figure><\/div>\n\n\n\n<p>Destacant molts aspectes importants d&#8217;aquests enclavaments. Sent testimonis de la nidificaci\u00f3 de la gavina argentat (<em>Larus michahellis<\/em>), observant la construcci\u00f3 dels nius i els diferents plomatges en els pollastres de gavina.<\/p>\n\n\n\n<p><\/p>\n\n\n\n<p>20\/05 \/ 2018.- <strong>Excursi\u00f3 a la marjal de la Llosa<\/strong>, <\/p>\n\n\n\n<div class=\"wp-block-image\"><figure class=\"alignleft size-large\"><img decoding=\"async\" loading=\"lazy\" width=\"205\" height=\"220\" src=\"http:\/\/www.internatura.org\/blog\/wp-content\/uploads\/2020\/07\/image-53.png\" alt=\"\" class=\"wp-image-7151\" srcset=\"https:\/\/internatura.org\/blog\/wp-content\/uploads\/2020\/07\/image-53.png 205w, https:\/\/internatura.org\/blog\/wp-content\/uploads\/2020\/07\/image-53-140x150.png 140w\" sizes=\"(max-width: 205px) 100vw, 205px\" \/><\/figure><\/div>\n\n\n\n<p>Se organitzat per l&#8217;Ajuntament de Xilxes i el GER com a monitor. S&#8217;expliquen les caracter\u00edstiques de la marjal, la seva utilitat com arrozar i les esp\u00e8cies existents en aquest h\u00e0bitat.<\/p>\n\n\n\n<figure class=\"wp-block-image size-large is-resized\"><img decoding=\"async\" loading=\"lazy\" src=\"http:\/\/www.internatura.org\/blog\/wp-content\/uploads\/2020\/07\/image-52.png\" alt=\"\" class=\"wp-image-7150\" width=\"226\" height=\"144\" srcset=\"https:\/\/internatura.org\/blog\/wp-content\/uploads\/2020\/07\/image-52.png 344w, https:\/\/internatura.org\/blog\/wp-content\/uploads\/2020\/07\/image-52-300x191.png 300w, https:\/\/internatura.org\/blog\/wp-content\/uploads\/2020\/07\/image-52-150x95.png 150w, https:\/\/internatura.org\/blog\/wp-content\/uploads\/2020\/07\/image-52-236x150.png 236w\" sizes=\"(max-width: 226px) 100vw, 226px\" \/><\/figure>\n\n\n\n<p><strong>09\/04 \/ 2018.- Viatge a Somiedo (Ast\u00faries)<\/strong>. <\/p>\n\n\n\n<div class=\"wp-block-image\"><figure class=\"alignleft size-large\"><img decoding=\"async\" loading=\"lazy\" width=\"277\" height=\"270\" src=\"http:\/\/www.internatura.org\/blog\/wp-content\/uploads\/2020\/07\/image-57.png\" alt=\"\" class=\"wp-image-7159\" srcset=\"https:\/\/internatura.org\/blog\/wp-content\/uploads\/2020\/07\/image-57.png 277w, https:\/\/internatura.org\/blog\/wp-content\/uploads\/2020\/07\/image-57-150x146.png 150w, https:\/\/internatura.org\/blog\/wp-content\/uploads\/2020\/07\/image-57-154x150.png 154w\" sizes=\"(max-width: 277px) 100vw, 277px\" \/><\/figure><\/div>\n\n\n\n<p>L&#8217;objectiu era veure en plena llibertat als \u00f3ssos bruns cant\u00e0brics (<em>Ursus arctos arctos<\/em>), a la fi vam poder observar 3 exemplars en llibertat alimentant d&#8217;avellanes.<\/p>\n\n\n\n<p>09\/04 \/ 2018.-Foto de l&#8217;\u00f3s de Lled\u00f3 Badenes, al costat de observadors nacionals i anglesos observant un \u00f3s bru en el vessant de la muntanya.<br> <\/p>\n\n\n\n<div class=\"wp-block-image\"><figure class=\"alignright size-large\"><img decoding=\"async\" loading=\"lazy\" width=\"263\" height=\"210\" src=\"http:\/\/www.internatura.org\/blog\/wp-content\/uploads\/2020\/07\/image-58.png\" alt=\"\" class=\"wp-image-7160\" srcset=\"https:\/\/internatura.org\/blog\/wp-content\/uploads\/2020\/07\/image-58.png 263w, https:\/\/internatura.org\/blog\/wp-content\/uploads\/2020\/07\/image-58-150x120.png 150w, https:\/\/internatura.org\/blog\/wp-content\/uploads\/2020\/07\/image-58-188x150.png 188w\" sizes=\"(max-width: 263px) 100vw, 263px\" \/><\/figure><\/div>\n\n\n\n<p>Aspecte que contrasta molt amb els \u00f3ssos observats en captivitat a les instal\u00b7lacions anomenades \u00abPaca i Torla\u00bb, les quals els vam veure amb un gran estr\u00e8s dins dels recintes tancats i sempre allunyats de la gent i crid\u00f2ria que passen per la \u00absenda dels \u00f3ssos \u00aba Oviedo.<\/p>\n\n\n\n<p><\/p>\n\n\n\n<p>02\/04 \/ 2018.-Una nova excursi\u00f3 realitzada per membres de l&#8217;GER-EA a l&#8217;P.N. de les<strong> Llacunes de Ruidera a Ciudad Real<\/strong>. <\/p>\n\n\n\n<figure class=\"wp-block-image size-large\"><img decoding=\"async\" loading=\"lazy\" width=\"614\" height=\"345\" src=\"http:\/\/www.internatura.org\/blog\/wp-content\/uploads\/2020\/07\/image-61.png\" alt=\"\" class=\"wp-image-7165\" srcset=\"https:\/\/internatura.org\/blog\/wp-content\/uploads\/2020\/07\/image-61.png 614w, https:\/\/internatura.org\/blog\/wp-content\/uploads\/2020\/07\/image-61-300x169.png 300w, https:\/\/internatura.org\/blog\/wp-content\/uploads\/2020\/07\/image-61-150x84.png 150w, https:\/\/internatura.org\/blog\/wp-content\/uploads\/2020\/07\/image-61-250x140.png 250w\" sizes=\"(max-width: 614px) 100vw, 614px\" \/><\/figure>\n\n\n\n<p><\/p>\n\n\n\n<p><strong>Viatge a Extremadura i Portugal.<\/strong><\/p>\n\n\n\n<div class=\"wp-block-image\"><figure class=\"alignright size-large\"><img decoding=\"async\" loading=\"lazy\" width=\"203\" height=\"247\" src=\"http:\/\/www.internatura.org\/blog\/wp-content\/uploads\/2020\/07\/image-62.png\" alt=\"\" class=\"wp-image-7167\" srcset=\"https:\/\/internatura.org\/blog\/wp-content\/uploads\/2020\/07\/image-62.png 203w, https:\/\/internatura.org\/blog\/wp-content\/uploads\/2020\/07\/image-62-123x150.png 123w\" sizes=\"(max-width: 203px) 100vw, 203px\" \/><\/figure><\/div>\n\n\n\n<p>De l&#8217;29-mar\u00e7 a l&#8217;1 abril 2018.- Nou viatge de membres de l&#8217;GER-EA, aquest cop ens desplacem a Extremadura i Portugal. Destacant la gran quantitat de nius amb cigonyes blanques incubant, utilitzant qualsevol estructura i infraestructura humana des de torres el\u00e8ctriques, maquin\u00e0ria pesada en des\u00fas, teulades de fabriques i magatzems, etc .. Esp\u00e8cie que en la nostra prov\u00edncia nom\u00e9s \u00e9s possible veure-la en els passos migratoris (pre i postnupcials) a la prov\u00edncia de Castell\u00f3.<\/p>\n\n\n\n<p>01\/02 \/ 2018.- Nova <strong>excursi\u00f3 a Parc Nacionals<\/strong> aquesta vegada es viatja a les <strong>Taules de Daimiel.<\/strong> Gaudint dels nius de cigonya blanca i an\u00e0tides, entre altres esp\u00e8cies.<\/p>\n\n\n\n<figure class=\"wp-block-image size-large\"><img decoding=\"async\" loading=\"lazy\" width=\"614\" height=\"345\" src=\"http:\/\/www.internatura.org\/blog\/wp-content\/uploads\/2020\/07\/image-63.png\" alt=\"\" class=\"wp-image-7169\" srcset=\"https:\/\/internatura.org\/blog\/wp-content\/uploads\/2020\/07\/image-63.png 614w, https:\/\/internatura.org\/blog\/wp-content\/uploads\/2020\/07\/image-63-300x169.png 300w, https:\/\/internatura.org\/blog\/wp-content\/uploads\/2020\/07\/image-63-150x84.png 150w, https:\/\/internatura.org\/blog\/wp-content\/uploads\/2020\/07\/image-63-250x140.png 250w\" sizes=\"(max-width: 614px) 100vw, 614px\" \/><\/figure>\n\n\n\n<p>339\/500025\/02 \/ 2018.-<strong> Excursi\u00f3 a la Marjal d&#8217;Almenara<\/strong>. Organitza <\/p>\n\n\n\n<div class=\"wp-block-image\"><figure class=\"alignleft size-large\"><img decoding=\"async\" loading=\"lazy\" width=\"267\" height=\"200\" src=\"http:\/\/www.internatura.org\/blog\/wp-content\/uploads\/2020\/07\/image-66.png\" alt=\"\" class=\"wp-image-7175\" srcset=\"https:\/\/internatura.org\/blog\/wp-content\/uploads\/2020\/07\/image-66.png 267w, https:\/\/internatura.org\/blog\/wp-content\/uploads\/2020\/07\/image-66-150x112.png 150w, https:\/\/internatura.org\/blog\/wp-content\/uploads\/2020\/07\/image-66-200x150.png 200w\" sizes=\"(max-width: 267px) 100vw, 267px\" \/><\/figure><\/div>\n\n\n\n<p>Ecologistes en Acci\u00f3 de Vinar\u00f2s i Vila-real al costat de SEO-castell\u00f3. El GER-EA com a monitor de l&#8217;excursi\u00f3. L&#8217;excursi\u00f3 es realitza pels diferents h\u00e0bitats presents, marjal, basses, joncars, cultius d&#8217;arr\u00f2s, on vam gaudir d&#8217;una gran biodiversitat i especialment de les aus. <\/p>\n","protected":false},"excerpt":{"rendered":"<p>En aquesta secci\u00f3 pretenem aportar totes aquelles activitats realitzades pel GER-EA, relacionades amb la informaci\u00f3, sensibilitzaci\u00f3 i educaci\u00f3 ambiental. Aquestes activitats entren en: Xarrades i tallers a poblaci\u00f3 infantil i juvenil. Xarrades i activitats per a persones adultes i grups familiars. Excursions realitzades pels diferents paratges naturals de Castell\u00f3, de \u2026 <a class=\"continue-reading-link\" href=\"https:\/\/internatura.org\/blog\/?page_id=6990\"> Continuar leyendo <span class=\"meta-nav\">&rarr; <\/span><\/a><\/p>\n","protected":false},"author":1,"featured_media":0,"parent":0,"menu_order":0,"comment_status":"closed","ping_status":"closed","template":"","meta":[],"_links":{"self":[{"href":"https:\/\/internatura.org\/blog\/index.php?rest_route=\/wp\/v2\/pages\/6990"}],"collection":[{"href":"https:\/\/internatura.org\/blog\/index.php?rest_route=\/wp\/v2\/pages"}],"about":[{"href":"https:\/\/internatura.org\/blog\/index.php?rest_route=\/wp\/v2\/types\/page"}],"author":[{"embeddable":true,"href":"https:\/\/internatura.org\/blog\/index.php?rest_route=\/wp\/v2\/users\/1"}],"replies":[{"embeddable":true,"href":"https:\/\/internatura.org\/blog\/index.php?rest_route=%2Fwp%2Fv2%2Fcomments&post=6990"}],"version-history":[{"count":78,"href":"https:\/\/internatura.org\/blog\/index.php?rest_route=\/wp\/v2\/pages\/6990\/revisions"}],"predecessor-version":[{"id":7176,"href":"https:\/\/internatura.org\/blog\/index.php?rest_route=\/wp\/v2\/pages\/6990\/revisions\/7176"}],"wp:attachment":[{"href":"https:\/\/internatura.org\/blog\/index.php?rest_route=%2Fwp%2Fv2%2Fmedia&parent=6990"}],"curies":[{"name":"wp","href":"https:\/\/api.w.org\/{rel}","templated":true}]}}